{"id":9397,"date":"2023-08-29T22:12:22","date_gmt":"2023-08-29T20:12:22","guid":{"rendered":"https:\/\/www.afozic.com\/nos-evenements\/"},"modified":"2024-03-02T14:15:16","modified_gmt":"2024-03-02T13:15:16","slug":"our-achievements","status":"publish","type":"page","link":"https:\/\/www.afozic.com\/en\/our-achievements\/","title":{"rendered":"Our Achievements"},"content":{"rendered":"\r\n    <div class=\"slider_container \">\r\n\r\n        <div class=\"slider\">\r\n\r\n            \r\n                                    <a href=\"https:\/\/www.afozic.com\/en\/evenements\/arty-colors-festival\/\" title=\"See page\">\r\n                    \r\n                    <section class=\"headingAfozic slide p-0\">\r\n\r\n                        <img srcset=\"https:\/\/www.afozic.com\/wp-content\/uploads\/2023\/12\/Amadou-et-Mariam-Arty-Colors-festival-2023-\u00a9ManonGrivel-Arty-Colors-21.webp 2507w, \r\n                        https:\/\/www.afozic.com\/wp-content\/uploads\/2023\/12\/Amadou-et-Mariam-Arty-Colors-festival-2023-\u00a9ManonGrivel-Arty-Colors-21-300x200.jpg 300w, \r\n                        https:\/\/www.afozic.com\/wp-content\/uploads\/2023\/12\/Amadou-et-Mariam-Arty-Colors-festival-2023-\u00a9ManonGrivel-Arty-Colors-21-300x200.jpg 768w, \r\n                        https:\/\/www.afozic.com\/wp-content\/uploads\/2023\/12\/Amadou-et-Mariam-Arty-Colors-festival-2023-\u00a9ManonGrivel-Arty-Colors-21-1024x683.jpg 1024w\" \r\n                        sizes=\"(max-width: 2507px) 100vw, 2507px\" class=\"afozicSlider\" alt=\"AFOZIC.COM\">\r\n \r\n                                                    <div class=\"afozic_slidecontent_top\">\r\n                                Arty Colors Festival                            <\/div>\r\n                                                                            <div class=\"afozic_slidecontent_bottom\">\r\n                                August 17, 2023                            <\/div>\r\n                                            <\/section>\r\n\r\n                                        <\/a>\r\n                \r\n            \r\n                                    <a href=\"https:\/\/www.afozic.com\/en\/evenements\/80ans-meribel\/\" title=\"See page\">\r\n                    \r\n                    <section class=\"headingAfozic slide p-0\">\r\n\r\n                        <img srcset=\"https:\/\/www.afozic.com\/wp-content\/uploads\/2023\/12\/133-scaled.jpg 2507w, \r\n                        https:\/\/www.afozic.com\/wp-content\/uploads\/2023\/12\/133-300x200.jpg 300w, \r\n                        https:\/\/www.afozic.com\/wp-content\/uploads\/2023\/12\/133-300x200.jpg 768w, \r\n                        https:\/\/www.afozic.com\/wp-content\/uploads\/2023\/12\/133-1024x683.jpg 1024w\" \r\n                        sizes=\"(max-width: 2507px) 100vw, 2507px\" class=\"afozicSlider\" alt=\"AFOZIC.COM\">\r\n \r\n                                                    <div class=\"afozic_slidecontent_top\">\r\n                                80 years of M\u00e9ribel                            <\/div>\r\n                                                                            <div class=\"afozic_slidecontent_bottom\">\r\n                                February 28, 2018                            <\/div>\r\n                                            <\/section>\r\n\r\n                                        <\/a>\r\n                \r\n            \r\n                                    <a href=\"https:\/\/www.afozic.com\/en\/evenements\/fia-motorsport-games\/\" title=\"See page\">\r\n                    \r\n                    <section class=\"headingAfozic slide p-0\">\r\n\r\n                        <img srcset=\"https:\/\/www.afozic.com\/wp-content\/uploads\/2024\/01\/light-balance.webp 2507w, \r\n                        https:\/\/www.afozic.com\/wp-content\/uploads\/2024\/01\/light-balance-300x200.webp 300w, \r\n                        https:\/\/www.afozic.com\/wp-content\/uploads\/2024\/01\/light-balance-300x200.webp 768w, \r\n                        https:\/\/www.afozic.com\/wp-content\/uploads\/2024\/01\/light-balance.webp 1024w\" \r\n                        sizes=\"(max-width: 2507px) 100vw, 2507px\" class=\"afozicSlider\" alt=\"AFOZIC.COM\">\r\n \r\n                                                    <div class=\"afozic_slidecontent_top\">\r\n                                FIA Motorsport Games                            <\/div>\r\n                                                                            <div class=\"afozic_slidecontent_bottom\">\r\n                                October 26, 2022                            <\/div>\r\n                                            <\/section>\r\n\r\n                                        <\/a>\r\n                \r\n            \r\n                                    <a href=\"https:\/\/www.afozic.com\/en\/evenements\/pere-noel-habite-aux-gets-2021\/\" title=\"See page\">\r\n                    \r\n                    <section class=\"headingAfozic slide p-0\">\r\n\r\n                        <img srcset=\"https:\/\/www.afozic.com\/wp-content\/uploads\/2023\/12\/Photo-20-12-2021-16-54-52-scaled.jpg 2507w, \r\n                        https:\/\/www.afozic.com\/wp-content\/uploads\/2023\/12\/Photo-20-12-2021-16-54-52-300x225.jpg 300w, \r\n                        https:\/\/www.afozic.com\/wp-content\/uploads\/2023\/12\/Photo-20-12-2021-16-54-52-300x225.jpg 768w, \r\n                        https:\/\/www.afozic.com\/wp-content\/uploads\/2023\/12\/Photo-20-12-2021-16-54-52-1024x768.jpg 1024w\" \r\n                        sizes=\"(max-width: 2507px) 100vw, 2507px\" class=\"afozicSlider\" alt=\"AFOZIC.COM\">\r\n \r\n                                                    <div class=\"afozic_slidecontent_top\">\r\n                                Santa Claus live Les Gets                            <\/div>\r\n                                                                            <div class=\"afozic_slidecontent_bottom\">\r\n                                December 2021                            <\/div>\r\n                                            <\/section>\r\n\r\n                                        <\/a>\r\n                \r\n            \r\n                                    <a href=\"https:\/\/www.afozic.com\/en\/evenements\/opening-meribel-in-lights-2022\/\" title=\"See page\">\r\n                    \r\n                    <section class=\"headingAfozic slide p-0\">\r\n\r\n                        <img srcset=\"https:\/\/www.afozic.com\/wp-content\/uploads\/2023\/11\/\u00a9Sylvain-Aymoz101222742-scaled.jpg 2507w, \r\n                        https:\/\/www.afozic.com\/wp-content\/uploads\/2023\/11\/\u00a9Sylvain-Aymoz101222742-300x112.jpg 300w, \r\n                        https:\/\/www.afozic.com\/wp-content\/uploads\/2023\/11\/\u00a9Sylvain-Aymoz101222742-300x112.jpg 768w, \r\n                        https:\/\/www.afozic.com\/wp-content\/uploads\/2023\/11\/\u00a9Sylvain-Aymoz101222742-1024x381.jpg 1024w\" \r\n                        sizes=\"(max-width: 2507px) 100vw, 2507px\" class=\"afozicSlider\" alt=\"AFOZIC.COM\">\r\n \r\n                                                    <div class=\"afozic_slidecontent_top\">\r\n                                Opening M\u00e9ribel in light                            <\/div>\r\n                                                                            <div class=\"afozic_slidecontent_bottom\">\r\n                                December 10, 2022                            <\/div>\r\n                                            <\/section>\r\n\r\n                                        <\/a>\r\n                \r\n            \r\n                                    <a href=\"https:\/\/www.afozic.com\/en\/evenements\/mad-daille\/\" title=\"See page\">\r\n                    \r\n                    <section class=\"headingAfozic slide p-0\">\r\n\r\n                        <img srcset=\"https:\/\/www.afozic.com\/wp-content\/uploads\/2024\/02\/punk-guitare-feu.webp 2507w, \r\n                        https:\/\/www.afozic.com\/wp-content\/uploads\/2024\/02\/punk-guitare-feu-300x167.webp 300w, \r\n                        https:\/\/www.afozic.com\/wp-content\/uploads\/2024\/02\/punk-guitare-feu-300x167.webp 768w, \r\n                        https:\/\/www.afozic.com\/wp-content\/uploads\/2024\/02\/punk-guitare-feu-1024x571.webp 1024w\" \r\n                        sizes=\"(max-width: 2507px) 100vw, 2507px\" class=\"afozicSlider\" alt=\"AFOZIC.COM\">\r\n \r\n                                                    <div class=\"afozic_slidecontent_top\">\r\n                                Mad Daille                            <\/div>\r\n                                                                            <div class=\"afozic_slidecontent_bottom\">\r\n                                February 28, 2023                            <\/div>\r\n                                            <\/section>\r\n\r\n                                        <\/a>\r\n                \r\n            \r\n                                    <a href=\"https:\/\/www.afozic.com\/en\/evenements\/pere-noel-habite-aux-gets-2022\/\" title=\"See page\">\r\n                    \r\n                    <section class=\"headingAfozic slide p-0\">\r\n\r\n                        <img srcset=\"https:\/\/www.afozic.com\/wp-content\/uploads\/2024\/02\/lutin-sucrerie.webp 2507w, \r\n                        https:\/\/www.afozic.com\/wp-content\/uploads\/2024\/02\/lutin-sucrerie-300x225.webp 300w, \r\n                        https:\/\/www.afozic.com\/wp-content\/uploads\/2024\/02\/lutin-sucrerie-300x225.webp 768w, \r\n                        https:\/\/www.afozic.com\/wp-content\/uploads\/2024\/02\/lutin-sucrerie-1024x768.webp 1024w\" \r\n                        sizes=\"(max-width: 2507px) 100vw, 2507px\" class=\"afozicSlider\" alt=\"AFOZIC.COM\">\r\n \r\n                                                    <div class=\"afozic_slidecontent_top\">\r\n                                Santa Claus live Les Gets                            <\/div>\r\n                                                                            <div class=\"afozic_slidecontent_bottom\">\r\n                                December 2022                            <\/div>\r\n                                            <\/section>\r\n\r\n                                        <\/a>\r\n                \r\n            \r\n                                    <a href=\"https:\/\/www.afozic.com\/en\/evenements\/50ans-oreca\/\" title=\"See page\">\r\n                    \r\n                    <section class=\"headingAfozic slide p-0\">\r\n\r\n                        <img srcset=\"https:\/\/www.afozic.com\/wp-content\/uploads\/2023\/12\/DPPI_07223018_038-scaled.jpg 2507w, \r\n                        https:\/\/www.afozic.com\/wp-content\/uploads\/2023\/12\/DPPI_07223018_038-300x200.jpg 300w, \r\n                        https:\/\/www.afozic.com\/wp-content\/uploads\/2023\/12\/DPPI_07223018_038-300x200.jpg 768w, \r\n                        https:\/\/www.afozic.com\/wp-content\/uploads\/2023\/12\/DPPI_07223018_038-1024x683.jpg 1024w\" \r\n                        sizes=\"(max-width: 2507px) 100vw, 2507px\" class=\"afozicSlider\" alt=\"AFOZIC.COM\">\r\n \r\n                                                    <div class=\"afozic_slidecontent_top\">\r\n                                50 years of ORECA                            <\/div>\r\n                                                                            <div class=\"afozic_slidecontent_bottom\">\r\n                                May 11, 2023                            <\/div>\r\n                                            <\/section>\r\n\r\n                                        <\/a>\r\n                \r\n            \r\n                                    <a href=\"https:\/\/www.afozic.com\/en\/evenements\/aj-50\/\" title=\"See page\">\r\n                    \r\n                    <section class=\"headingAfozic slide p-0\">\r\n\r\n                        <img srcset=\"https:\/\/www.afozic.com\/wp-content\/uploads\/2023\/12\/OPC_6144_WEB.webp 2507w, \r\n                        https:\/\/www.afozic.com\/wp-content\/uploads\/2023\/12\/OPC_6144_WEB-300x200.jpg 300w, \r\n                        https:\/\/www.afozic.com\/wp-content\/uploads\/2023\/12\/OPC_6144_WEB-300x200.jpg 768w, \r\n                        https:\/\/www.afozic.com\/wp-content\/uploads\/2023\/12\/OPC_6144_WEB-1024x683.jpg 1024w\" \r\n                        sizes=\"(max-width: 2507px) 100vw, 2507px\" class=\"afozicSlider\" alt=\"AFOZIC.COM\">\r\n \r\n                                                    <div class=\"afozic_slidecontent_top\">\r\n                                AJ 50                            <\/div>\r\n                                                                            <div class=\"afozic_slidecontent_bottom\">\r\n                                January 2022                            <\/div>\r\n                                            <\/section>\r\n\r\n                                        <\/a>\r\n                \r\n            \r\n                                    <a href=\"https:\/\/www.afozic.com\/en\/evenements\/lounge-music-festival\/\" title=\"See page\">\r\n                    \r\n                    <section class=\"headingAfozic slide p-0\">\r\n\r\n                        <img srcset=\"https:\/\/www.afozic.com\/wp-content\/uploads\/2023\/12\/IVORY-WHITE-Manon-Grivel8-scaled.jpg 2507w, \r\n                        https:\/\/www.afozic.com\/wp-content\/uploads\/2023\/12\/IVORY-WHITE-Manon-Grivel8-300x200.jpg 300w, \r\n                        https:\/\/www.afozic.com\/wp-content\/uploads\/2023\/12\/IVORY-WHITE-Manon-Grivel8-300x200.jpg 768w, \r\n                        https:\/\/www.afozic.com\/wp-content\/uploads\/2023\/12\/IVORY-WHITE-Manon-Grivel8-1024x683.jpg 1024w\" \r\n                        sizes=\"(max-width: 2507px) 100vw, 2507px\" class=\"afozicSlider\" alt=\"AFOZIC.COM\">\r\n \r\n                                                    <div class=\"afozic_slidecontent_top\">\r\n                                Lounge Music Festival                            <\/div>\r\n                                                                            <div class=\"afozic_slidecontent_bottom\">\r\n                                August 2022                            <\/div>\r\n                                            <\/section>\r\n\r\n                                        <\/a>\r\n                \r\n            \r\n                                    <a href=\"https:\/\/www.afozic.com\/en\/evenements\/20ans-jo-albertville-2\/\" title=\"See page\">\r\n                    \r\n                    <section class=\"headingAfozic slide p-0\">\r\n\r\n                        <img srcset=\"https:\/\/www.afozic.com\/wp-content\/uploads\/2023\/12\/20-ANS-080-Photo-G-Piel-scaled.jpg 2507w, \r\n                        https:\/\/www.afozic.com\/wp-content\/uploads\/2023\/12\/20-ANS-080-Photo-G-Piel-300x200.jpg 300w, \r\n                        https:\/\/www.afozic.com\/wp-content\/uploads\/2023\/12\/20-ANS-080-Photo-G-Piel-300x200.jpg 768w, \r\n                        https:\/\/www.afozic.com\/wp-content\/uploads\/2023\/12\/20-ANS-080-Photo-G-Piel-1024x683.jpg 1024w\" \r\n                        sizes=\"(max-width: 2507px) 100vw, 2507px\" class=\"afozicSlider\" alt=\"AFOZIC.COM\">\r\n \r\n                                                    <div class=\"afozic_slidecontent_top\">\r\n                                20 years of the Albertville Olympics                            <\/div>\r\n                                                                            <div class=\"afozic_slidecontent_bottom\">\r\n                                February 8, 2012                            <\/div>\r\n                                            <\/section>\r\n\r\n                                        <\/a>\r\n                \r\n            \r\n                                    <a href=\"https:\/\/www.afozic.com\/en\/evenements\/on-ferme-la-rue-2023\/\" title=\"See page\">\r\n                    \r\n                    <section class=\"headingAfozic slide p-0\">\r\n\r\n                        <img srcset=\"https:\/\/www.afozic.com\/wp-content\/uploads\/2023\/09\/DSC_8061-scaled.jpg 2507w, \r\n                        https:\/\/www.afozic.com\/wp-content\/uploads\/2023\/09\/DSC_8061-300x200.jpg 300w, \r\n                        https:\/\/www.afozic.com\/wp-content\/uploads\/2023\/09\/DSC_8061-300x200.jpg 768w, \r\n                        https:\/\/www.afozic.com\/wp-content\/uploads\/2023\/09\/DSC_8061-1024x682.jpg 1024w\" \r\n                        sizes=\"(max-width: 2507px) 100vw, 2507px\" class=\"afozicSlider\" alt=\"AFOZIC.COM\">\r\n \r\n                                                    <div class=\"afozic_slidecontent_top\">\r\n                                On ferme la rue                            <\/div>\r\n                                                                            <div class=\"afozic_slidecontent_bottom\">\r\n                                Summer 2023                            <\/div>\r\n                                            <\/section>\r\n\r\n                                        <\/a>\r\n                \r\n            \r\n                                    <a href=\"https:\/\/www.afozic.com\/en\/evenements\/festival-jazz-variations-2023\/\" title=\"See page\">\r\n                    \r\n                    <section class=\"headingAfozic slide p-0\">\r\n\r\n                        <img srcset=\"https:\/\/www.afozic.com\/wp-content\/uploads\/2023\/12\/\u00a9Sylvain-Aymoz23022309-scaled.jpg 2507w, \r\n                        https:\/\/www.afozic.com\/wp-content\/uploads\/2023\/12\/\u00a9Sylvain-Aymoz23022309-300x200.jpg 300w, \r\n                        https:\/\/www.afozic.com\/wp-content\/uploads\/2023\/12\/\u00a9Sylvain-Aymoz23022309-300x200.jpg 768w, \r\n                        https:\/\/www.afozic.com\/wp-content\/uploads\/2023\/12\/\u00a9Sylvain-Aymoz23022309-1024x683.jpg 1024w\" \r\n                        sizes=\"(max-width: 2507px) 100vw, 2507px\" class=\"afozicSlider\" alt=\"AFOZIC.COM\">\r\n \r\n                                                    <div class=\"afozic_slidecontent_top\">\r\n                                Festival Jazz Variation                            <\/div>\r\n                                                                            <div class=\"afozic_slidecontent_bottom\">\r\n                                February\/March 2023                            <\/div>\r\n                                            <\/section>\r\n\r\n                                        <\/a>\r\n                \r\n            \r\n                                    <a href=\"https:\/\/www.afozic.com\/en\/evenements\/alpi-hours-festival-2023\/\" title=\"See page\">\r\n                    \r\n                    <section class=\"headingAfozic slide p-0\">\r\n\r\n                        <img srcset=\"https:\/\/www.afozic.com\/wp-content\/uploads\/2023\/12\/AlpiHours-juillet23\u00a9ManonGrivel-Afozic-389.webp 2507w, \r\n                        https:\/\/www.afozic.com\/wp-content\/uploads\/2023\/12\/AlpiHours-juillet23\u00a9ManonGrivel-Afozic-389-300x200.jpg 300w, \r\n                        https:\/\/www.afozic.com\/wp-content\/uploads\/2023\/12\/AlpiHours-juillet23\u00a9ManonGrivel-Afozic-389-300x200.jpg 768w, \r\n                        https:\/\/www.afozic.com\/wp-content\/uploads\/2023\/12\/AlpiHours-juillet23\u00a9ManonGrivel-Afozic-389-1024x683.jpg 1024w\" \r\n                        sizes=\"(max-width: 2507px) 100vw, 2507px\" class=\"afozicSlider\" alt=\"AFOZIC.COM\">\r\n \r\n                                                    <div class=\"afozic_slidecontent_top\">\r\n                                Alpi Hours Festival                            <\/div>\r\n                                                                            <div class=\"afozic_slidecontent_bottom\">\r\n                                July\/August 2023                            <\/div>\r\n                                            <\/section>\r\n\r\n                                        <\/a>\r\n                \r\n            \r\n                                    <a href=\"https:\/\/www.afozic.com\/en\/evenements\/la-fete-a-voltaire-2023\/\" title=\"See page\">\r\n                    \r\n                    <section class=\"headingAfozic slide p-0\">\r\n\r\n                        <img srcset=\"https:\/\/www.afozic.com\/wp-content\/uploads\/2024\/02\/amor-feu.webp 2507w, \r\n                        https:\/\/www.afozic.com\/wp-content\/uploads\/2024\/02\/amor-feu-300x200.webp 300w, \r\n                        https:\/\/www.afozic.com\/wp-content\/uploads\/2024\/02\/amor-feu-300x200.webp 768w, \r\n                        https:\/\/www.afozic.com\/wp-content\/uploads\/2024\/02\/amor-feu-1024x682.webp 1024w\" \r\n                        sizes=\"(max-width: 2507px) 100vw, 2507px\" class=\"afozicSlider\" alt=\"AFOZIC.COM\">\r\n \r\n                                                    <div class=\"afozic_slidecontent_top\">\r\n                                La F\u00eate \u00e0 Voltaire                            <\/div>\r\n                                                                            <div class=\"afozic_slidecontent_bottom\">\r\n                                June 24, 2023                            <\/div>\r\n                                            <\/section>\r\n\r\n                                        <\/a>\r\n                \r\n            \r\n                                    <a href=\"https:\/\/www.afozic.com\/en\/evenements\/1600-moutain-festival-2022\/\" title=\"See page\">\r\n                    \r\n                    <section class=\"headingAfozic slide p-0\">\r\n\r\n                        <img srcset=\"https:\/\/www.afozic.com\/wp-content\/uploads\/2023\/12\/278268248_114862217857203_2042810143005910027_n.webp 2507w, \r\n                        https:\/\/www.afozic.com\/wp-content\/uploads\/2023\/12\/278268248_114862217857203_2042810143005910027_n-300x200.jpg 300w, \r\n                        https:\/\/www.afozic.com\/wp-content\/uploads\/2023\/12\/278268248_114862217857203_2042810143005910027_n-300x200.jpg 768w, \r\n                        https:\/\/www.afozic.com\/wp-content\/uploads\/2023\/12\/278268248_114862217857203_2042810143005910027_n-1024x683.jpg 1024w\" \r\n                        sizes=\"(max-width: 2507px) 100vw, 2507px\" class=\"afozicSlider\" alt=\"AFOZIC.COM\">\r\n \r\n                                                    <div class=\"afozic_slidecontent_top\">\r\n                                1600 Mountain Festival                            <\/div>\r\n                                                                            <div class=\"afozic_slidecontent_bottom\">\r\n                                March 26, 2022                            <\/div>\r\n                                            <\/section>\r\n\r\n                                        <\/a>\r\n                \r\n            \r\n                                    <a href=\"https:\/\/www.afozic.com\/en\/evenements\/fete-ecoles-geneve-2017\/\" title=\"See page\">\r\n                    \r\n                    <section class=\"headingAfozic slide p-0\">\r\n\r\n                        <img srcset=\"https:\/\/www.afozic.com\/wp-content\/uploads\/2023\/12\/\u00a9ArtistForEvent_3-scaled.jpg 2507w, \r\n                        https:\/\/www.afozic.com\/wp-content\/uploads\/2023\/12\/\u00a9ArtistForEvent_3-300x173.jpg 300w, \r\n                        https:\/\/www.afozic.com\/wp-content\/uploads\/2023\/12\/\u00a9ArtistForEvent_3-300x173.jpg 768w, \r\n                        https:\/\/www.afozic.com\/wp-content\/uploads\/2023\/12\/\u00a9ArtistForEvent_3-1024x590.jpg 1024w\" \r\n                        sizes=\"(max-width: 2507px) 100vw, 2507px\" class=\"afozicSlider\" alt=\"AFOZIC.COM\">\r\n \r\n                                                    <div class=\"afozic_slidecontent_top\">\r\n                                F\u00eate des \u00e9coles de Gen\u00e8ve                            <\/div>\r\n                                                                            <div class=\"afozic_slidecontent_bottom\">\r\n                                June 28 and 30, 2017                            <\/div>\r\n                                            <\/section>\r\n\r\n                                        <\/a>\r\n                \r\n            \r\n                                    <a href=\"https:\/\/www.afozic.com\/en\/evenements\/les-dessous-de-notre-dame\/\" title=\"See page\">\r\n                    \r\n                    <section class=\"headingAfozic slide p-0\">\r\n\r\n                        <img srcset=\"https:\/\/www.afozic.com\/wp-content\/uploads\/2023\/12\/L5-\u00a9afozic-scaled.jpg 2507w, \r\n                        https:\/\/www.afozic.com\/wp-content\/uploads\/2023\/12\/L5-\u00a9afozic-300x200.jpg 300w, \r\n                        https:\/\/www.afozic.com\/wp-content\/uploads\/2023\/12\/L5-\u00a9afozic-300x200.jpg 768w, \r\n                        https:\/\/www.afozic.com\/wp-content\/uploads\/2023\/12\/L5-\u00a9afozic-1024x682.jpg 1024w\" \r\n                        sizes=\"(max-width: 2507px) 100vw, 2507px\" class=\"afozicSlider\" alt=\"AFOZIC.COM\">\r\n \r\n                                                    <div class=\"afozic_slidecontent_top\">\r\n                                Les dessous de Notre Dame                            <\/div>\r\n                                                                            <div class=\"afozic_slidecontent_bottom\">\r\n                                August 15, 2016                            <\/div>\r\n                                            <\/section>\r\n\r\n                                        <\/a>\r\n                \r\n            \r\n            <div class=\"nextButton\">\r\n                <svg xmlns=\"http:\/\/www.w3.org\/2000\/svg\" class=\"icon icon-tabler icon-tabler-chevron-right\" width=\"24\" height=\"24\" viewBox=\"0 0 24 24\" stroke-width=\"2\" stroke=\"currentColor\" fill=\"none\" stroke-linecap=\"round\" stroke-linejoin=\"round\">\r\n                    <path stroke=\"none\" d=\"M0 0h24v24H0z\" fill=\"none\"><\/path>\r\n                    <path d=\"M9 6l6 6l-6 6\"><\/path>\r\n                <\/svg>\r\n            <\/div>\r\n            <div class=\"prevButton\">\r\n                <svg xmlns=\"http:\/\/www.w3.org\/2000\/svg\" class=\"icon icon-tabler icon-tabler-chevron-left\" width=\"24\" height=\"24\" viewBox=\"0 0 24 24\" stroke-width=\"2\" stroke=\"currentColor\" fill=\"none\" stroke-linecap=\"round\" stroke-linejoin=\"round\">\r\n                    <path stroke=\"none\" d=\"M0 0h24v24H0z\" fill=\"none\"><\/path>\r\n                    <path d=\"M15 6l-6 6l6 6\"><\/path>\r\n                <\/svg>\r\n            <\/div>\r\n            <div class=\"dotContainer\"><\/div>\r\n        <\/div>\r\n\r\n\r\n    <\/div>\r\n\r\n<style>\r\n    .afozicSlider{\r\n        object-fit: cover;\r\n        height: 100%;\r\n        width: 100%;\r\n    }\r\n<\/style>\r\n\r\n<script data-no-optimize=\"1\">\r\n    class Slider {\r\n        slider;\r\n        slides;\r\n        dotContainer;\r\n\r\n        intervalId;\r\n        currentSlide = 0;\r\n        timerSlider = 6500;\r\n\r\n        startX = 0;\r\n        isDragging = false;\r\n        draggedDistance = 0;\r\n\r\n        nextButton;\r\n        prevButton;\r\n\r\n        constructor(slider) {\r\n            this.slider = slider;\r\n            this.slides = this.slider.getElementsByClassName('slide');\r\n\r\n            if (this.slides.length > 0) {\r\n                this.nextButton = this.slider.getElementsByClassName('nextButton')[0];\r\n                this.prevButton = this.slider.getElementsByClassName('prevButton')[0];\r\n\r\n\r\n                this.initDotSlider();\r\n                this.initEvents();\r\n\r\n                this.showSlide(this.currentSlide);\r\n                this.startSlider();\r\n            }\r\n        }\r\n\r\n        showSlide(index) {\r\n            this.stopSlider();\r\n\r\n            if (index >= this.slides.length) {\r\n                index = 0;\r\n            }\r\n\r\n            if (index < 0) {\r\n                index = this.slides.length - 1;\r\n            }\r\n\r\n            this.slides[this.currentSlide].style.display = 'none';\r\n            this.currentSlide = index;\r\n            this.slides[this.currentSlide].style.display = 'block';\r\n\r\n            const dots = this.dotContainer.getElementsByClassName('dot');\r\n            for (const dot of dots) {\r\n                dot.classList.remove('active');\r\n            }\r\n            dots[this.currentSlide].classList.add('active');\r\n\r\n            this.startSlider();\r\n        }\r\n\r\n        nextSlide() {\r\n            this.showSlide(this.currentSlide + 1);\r\n        }\r\n\r\n        prevSlide() {\r\n            this.showSlide(this.currentSlide - 1);\r\n        }\r\n\r\n        initDotSlider() {\r\n            this.dotContainer = this.slider.getElementsByClassName('dotContainer')[0];\r\n            this.dotContainer.innerHTML = '';\r\n\r\n            for (let i = 0; i < this.slides.length; i++) {\r\n                const dot = document.createElement('span');\r\n                dot.classList.add('dot');\r\n                dot.addEventListener('click', () => {\r\n                    this.showSlide(i);\r\n                    this.resetSlider();\r\n                });\r\n                this.dotContainer.appendChild(dot);\r\n            }\r\n\r\n            const dots = this.dotContainer.getElementsByClassName('dot');\r\n            dots[this.currentSlide].classList.add('active');\r\n        }\r\n\r\n        startSlider() {\r\n            clearInterval(this.intervalId);\r\n            this.intervalId = setInterval(() => this.nextSlide(), this.timerSlider);\r\n        }\r\n\r\n        stopSlider() {\r\n            clearInterval(this.intervalId);\r\n        }\r\n\r\n        resetSlider() {\r\n            this.stopSlider();\r\n            this.startSlider();\r\n        }\r\n\r\n        initEvents() {\r\n            this.nextButton.addEventListener('click', () => {\r\n                this.nextSlide();\r\n            });\r\n\r\n            this.prevButton.addEventListener('click', () => {\r\n                this.prevSlide();\r\n            });\r\n\r\n            this.slider.addEventListener('mouseenter', () => {\r\n                this.stopSlider();\r\n            });\r\n\r\n            this.slider.addEventListener('mouseleave', () => {\r\n                this.startSlider();\r\n            });\r\n\r\n            this.slider.addEventListener('touchstart', () => {\r\n                this.nextSlide();\r\n            });\r\n\r\n            this.slider.addEventListener('mousedown', (event) => {\r\n                this.startX = event.clientX;\r\n                this.isDragging = true;\r\n            });\r\n            this.slider.addEventListener('mouseup', () => {\r\n                if (this.isDragging) {\r\n                    this.isDragging = false;\r\n                    const distance = event.clientX - this.startX;\r\n                    if (distance > 0) {\r\n                        this.prevSlide();\r\n                    } else if (distance < 0) {\r\n                        this.nextSlide();\r\n                    }\r\n                }\r\n            });\r\n            this.slider.addEventListener('mouseleave', () => {\r\n                if (this.isDragging) {\r\n                    this.isDragging = false;\r\n                    const distance = event.clientX - this.startX;\r\n                    if (distance > 0) {\r\n                        this.prevSlide();\r\n                    } else if (distance < 0) {\r\n                        this.nextSlide();\r\n                    }\r\n                }\r\n            });\r\n\r\n        }\r\n    }\r\n\r\n    const sliders = document.getElementsByClassName('slider_container');\r\n\r\n    for (const slider of sliders) {\r\n        new Slider(slider);\r\n    }\r\n<\/script>","protected":false},"excerpt":{"rendered":"","protected":false},"author":1,"featured_media":9530,"parent":0,"menu_order":0,"comment_status":"closed","ping_status":"closed","template":"templates-parts\/tmp-evenements.php","meta":{"_acf_changed":false,"footnotes":""},"class_list":["post-9397","page","type-page","status-publish","has-post-thumbnail","hentry"],"acf":[],"aioseo_notices":[],"_links":{"self":[{"href":"https:\/\/www.afozic.com\/en\/wp-json\/wp\/v2\/pages\/9397","targetHints":{"allow":["GET"]}}],"collection":[{"href":"https:\/\/www.afozic.com\/en\/wp-json\/wp\/v2\/pages"}],"about":[{"href":"https:\/\/www.afozic.com\/en\/wp-json\/wp\/v2\/types\/page"}],"author":[{"embeddable":true,"href":"https:\/\/www.afozic.com\/en\/wp-json\/wp\/v2\/users\/1"}],"replies":[{"embeddable":true,"href":"https:\/\/www.afozic.com\/en\/wp-json\/wp\/v2\/comments?post=9397"}],"version-history":[{"count":10,"href":"https:\/\/www.afozic.com\/en\/wp-json\/wp\/v2\/pages\/9397\/revisions"}],"predecessor-version":[{"id":9875,"href":"https:\/\/www.afozic.com\/en\/wp-json\/wp\/v2\/pages\/9397\/revisions\/9875"}],"wp:featuredmedia":[{"embeddable":true,"href":"https:\/\/www.afozic.com\/en\/wp-json\/wp\/v2\/media\/9530"}],"wp:attachment":[{"href":"https:\/\/www.afozic.com\/en\/wp-json\/wp\/v2\/media?parent=9397"}],"curies":[{"name":"wp","href":"https:\/\/api.w.org\/{rel}","templated":true}]}}