{"id":9098,"date":"2022-06-08T22:20:48","date_gmt":"2022-06-08T20:20:48","guid":{"rendered":"https:\/\/www.afozic.com\/homepage\/"},"modified":"2024-07-17T17:15:25","modified_gmt":"2024-07-17T15:15:25","slug":"homepage","status":"publish","type":"page","link":"https:\/\/www.afozic.com\/en\/","title":{"rendered":"Accueil"},"content":{"rendered":"\r\n    <div class=\"slider_container \">\r\n\r\n        <div class=\"slider\">\r\n\r\n            \r\n                                    <a href=\"\/artistes\/garden-people\/\" title=\"See page\">\r\n                    \r\n                    <section class=\"headingAfozic slide p-0\">\r\n\r\n                        <img srcset=\"https:\/\/www.afozic.com\/wp-content\/uploads\/2024\/02\/garden-people-duo.webp 2507w, \r\n                        https:\/\/www.afozic.com\/wp-content\/uploads\/2024\/02\/garden-people-duo-300x200.webp 300w, \r\n                        https:\/\/www.afozic.com\/wp-content\/uploads\/2024\/02\/garden-people-duo-300x200.webp 768w, \r\n                        https:\/\/www.afozic.com\/wp-content\/uploads\/2024\/02\/garden-people-duo-1024x682.webp 1024w\" \r\n                        sizes=\"(max-width: 2507px) 100vw, 2507px\" class=\"afozicSlider\" alt=\"AFOZIC.COM\">\r\n \r\n                                                    <div class=\"afozic_slidecontent_top\">\r\n                                Garden People                            <\/div>\r\n                                                                            <div class=\"afozic_slidecontent_bottom\">\r\n                                Un duo pop, rock et folk !                            <\/div>\r\n                                            <\/section>\r\n\r\n                                        <\/a>\r\n                \r\n            \r\n                                    <a href=\"\/realisations\/fete-ecoles-geneve-2017\/\" title=\"See page\">\r\n                    \r\n                    <section class=\"headingAfozic slide p-0\">\r\n\r\n                        <img srcset=\"https:\/\/www.afozic.com\/wp-content\/uploads\/2023\/12\/\u00a9ArtistForEvent_3-scaled.jpg 2507w, \r\n                        https:\/\/www.afozic.com\/wp-content\/uploads\/2023\/12\/\u00a9ArtistForEvent_3-300x173.jpg 300w, \r\n                        https:\/\/www.afozic.com\/wp-content\/uploads\/2023\/12\/\u00a9ArtistForEvent_3-300x173.jpg 768w, \r\n                        https:\/\/www.afozic.com\/wp-content\/uploads\/2023\/12\/\u00a9ArtistForEvent_3-1024x590.jpg 1024w\" \r\n                        sizes=\"(max-width: 2507px) 100vw, 2507px\" class=\"afozicSlider\" alt=\"AFOZIC.COM\">\r\n \r\n                                                    <div class=\"afozic_slidecontent_top\">\r\n                                F\u00eate des \u00e9coles de Gen\u00e8ve                            <\/div>\r\n                                                                            <div class=\"afozic_slidecontent_bottom\">\r\n                                28 et 27 juin 2017                            <\/div>\r\n                                            <\/section>\r\n\r\n                                        <\/a>\r\n                \r\n            \r\n                                    <a href=\"\/realisations\/on-ferme-la-rue-2023\/\" title=\"See page\">\r\n                    \r\n                    <section class=\"headingAfozic slide p-0\">\r\n\r\n                        <img srcset=\"https:\/\/www.afozic.com\/wp-content\/uploads\/2023\/09\/DSC_8060-scaled.jpg 2507w, \r\n                        https:\/\/www.afozic.com\/wp-content\/uploads\/2023\/09\/DSC_8060-300x169.jpg 300w, \r\n                        https:\/\/www.afozic.com\/wp-content\/uploads\/2023\/09\/DSC_8060-300x169.jpg 768w, \r\n                        https:\/\/www.afozic.com\/wp-content\/uploads\/2023\/09\/DSC_8060-1024x576.jpg 1024w\" \r\n                        sizes=\"(max-width: 2507px) 100vw, 2507px\" class=\"afozicSlider\" alt=\"AFOZIC.COM\">\r\n \r\n                                                    <div class=\"afozic_slidecontent_top\">\r\n                                On ferme la rue                            <\/div>\r\n                                                                            <div class=\"afozic_slidecontent_bottom\">\r\n                                \u00c9t\u00e9 2023                            <\/div>\r\n                                            <\/section>\r\n\r\n                                        <\/a>\r\n                \r\n            \r\n                                    <a href=\"\/realisations\/paleo-festival\/\" title=\"See page\">\r\n                    \r\n                    <section class=\"headingAfozic slide p-0\">\r\n\r\n                        <img srcset=\"https:\/\/www.afozic.com\/wp-content\/uploads\/2023\/11\/ReveilDesVilains4-scaled.jpg 2507w, \r\n                        https:\/\/www.afozic.com\/wp-content\/uploads\/2023\/11\/ReveilDesVilains4-300x225.jpg 300w, \r\n                        https:\/\/www.afozic.com\/wp-content\/uploads\/2023\/11\/ReveilDesVilains4-300x225.jpg 768w, \r\n                        https:\/\/www.afozic.com\/wp-content\/uploads\/2023\/11\/ReveilDesVilains4-1024x768.jpg 1024w\" \r\n                        sizes=\"(max-width: 2507px) 100vw, 2507px\" class=\"afozicSlider\" alt=\"AFOZIC.COM\">\r\n \r\n                                                    <div class=\"afozic_slidecontent_top\">\r\n                                Paleo Festival                            <\/div>\r\n                                                                            <div class=\"afozic_slidecontent_bottom\">\r\n                                26 juillet 2013                            <\/div>\r\n                                            <\/section>\r\n\r\n                                        <\/a>\r\n                \r\n            \r\n                                    <a href=\"\/realisations\/festival-jazz-variations-2022\/\" title=\"See page\">\r\n                    \r\n                    <section class=\"headingAfozic slide p-0\">\r\n\r\n                        <img srcset=\"https:\/\/www.afozic.com\/wp-content\/uploads\/2023\/12\/\u00a9Sylvain-Aymoz15032229-scaled.jpg 2507w, \r\n                        https:\/\/www.afozic.com\/wp-content\/uploads\/2023\/12\/\u00a9Sylvain-Aymoz15032229-300x200.jpg 300w, \r\n                        https:\/\/www.afozic.com\/wp-content\/uploads\/2023\/12\/\u00a9Sylvain-Aymoz15032229-300x200.jpg 768w, \r\n                        https:\/\/www.afozic.com\/wp-content\/uploads\/2023\/12\/\u00a9Sylvain-Aymoz15032229-1024x683.jpg 1024w\" \r\n                        sizes=\"(max-width: 2507px) 100vw, 2507px\" class=\"afozicSlider\" alt=\"AFOZIC.COM\">\r\n \r\n                                                    <div class=\"afozic_slidecontent_top\">\r\n                                Festival Jazz Variations                            <\/div>\r\n                                                                            <div class=\"afozic_slidecontent_bottom\">\r\n                                F\u00e9vrier\/mars 2022                            <\/div>\r\n                                            <\/section>\r\n\r\n                                        <\/a>\r\n                \r\n            \r\n                                    <a href=\"\/realisations\/lounge-music-festival\/\" title=\"See page\">\r\n                    \r\n                    <section class=\"headingAfozic slide p-0\">\r\n\r\n                        <img srcset=\"https:\/\/www.afozic.com\/wp-content\/uploads\/2023\/12\/IVORY-WHITE-Manon-Grivel8-scaled.jpg 2507w, \r\n                        https:\/\/www.afozic.com\/wp-content\/uploads\/2023\/12\/IVORY-WHITE-Manon-Grivel8-300x200.jpg 300w, \r\n                        https:\/\/www.afozic.com\/wp-content\/uploads\/2023\/12\/IVORY-WHITE-Manon-Grivel8-300x200.jpg 768w, \r\n                        https:\/\/www.afozic.com\/wp-content\/uploads\/2023\/12\/IVORY-WHITE-Manon-Grivel8-1024x683.jpg 1024w\" \r\n                        sizes=\"(max-width: 2507px) 100vw, 2507px\" class=\"afozicSlider\" alt=\"AFOZIC.COM\">\r\n \r\n                                                    <div class=\"afozic_slidecontent_top\">\r\n                                Lounge Music Festival                            <\/div>\r\n                                                                            <div class=\"afozic_slidecontent_bottom\">\r\n                                Ao\u00fbt 2022                            <\/div>\r\n                                            <\/section>\r\n\r\n                                        <\/a>\r\n                \r\n            \r\n                                    <a href=\"\/realisations\/les-dessous-de-notre-dame\/\" title=\"See page\">\r\n                    \r\n                    <section class=\"headingAfozic slide p-0\">\r\n\r\n                        <img srcset=\"https:\/\/www.afozic.com\/wp-content\/uploads\/2023\/12\/L5-\u00a9afozic-scaled.jpg 2507w, \r\n                        https:\/\/www.afozic.com\/wp-content\/uploads\/2023\/12\/L5-\u00a9afozic-300x200.jpg 300w, \r\n                        https:\/\/www.afozic.com\/wp-content\/uploads\/2023\/12\/L5-\u00a9afozic-300x200.jpg 768w, \r\n                        https:\/\/www.afozic.com\/wp-content\/uploads\/2023\/12\/L5-\u00a9afozic-1024x682.jpg 1024w\" \r\n                        sizes=\"(max-width: 2507px) 100vw, 2507px\" class=\"afozicSlider\" alt=\"AFOZIC.COM\">\r\n \r\n                                                    <div class=\"afozic_slidecontent_top\">\r\n                                Les dessous de Notre Dame                            <\/div>\r\n                                                                            <div class=\"afozic_slidecontent_bottom\">\r\n                                15 ao\u00fbt 2016                            <\/div>\r\n                                            <\/section>\r\n\r\n                                        <\/a>\r\n                \r\n            \r\n                                    <a href=\"\/realisations\/80ans-meribel\/\" title=\"See page\">\r\n                    \r\n                    <section class=\"headingAfozic slide p-0\">\r\n\r\n                        <img srcset=\"https:\/\/www.afozic.com\/wp-content\/uploads\/2023\/12\/133-scaled.jpg 2507w, \r\n                        https:\/\/www.afozic.com\/wp-content\/uploads\/2023\/12\/133-300x200.jpg 300w, \r\n                        https:\/\/www.afozic.com\/wp-content\/uploads\/2023\/12\/133-300x200.jpg 768w, \r\n                        https:\/\/www.afozic.com\/wp-content\/uploads\/2023\/12\/133-1024x683.jpg 1024w\" \r\n                        sizes=\"(max-width: 2507px) 100vw, 2507px\" class=\"afozicSlider\" alt=\"AFOZIC.COM\">\r\n \r\n                                                    <div class=\"afozic_slidecontent_top\">\r\n                                80 ans de M\u00e9ribel                            <\/div>\r\n                                                                            <div class=\"afozic_slidecontent_bottom\">\r\n                                28 f\u00e9vrier 2018                            <\/div>\r\n                                            <\/section>\r\n\r\n                                        <\/a>\r\n                \r\n            \r\n                                    <a href=\"\/artistes\/les-exquis\/\" title=\"See page\">\r\n                    \r\n                    <section class=\"headingAfozic slide p-0\">\r\n\r\n                        <img srcset=\"https:\/\/www.afozic.com\/wp-content\/uploads\/2023\/12\/2-Les-Exquis-\u00a9Afozic-Christophe-Boillon-scaled.jpg 2507w, \r\n                        https:\/\/www.afozic.com\/wp-content\/uploads\/2023\/12\/2-Les-Exquis-\u00a9Afozic-Christophe-Boillon-300x200.jpg 300w, \r\n                        https:\/\/www.afozic.com\/wp-content\/uploads\/2023\/12\/2-Les-Exquis-\u00a9Afozic-Christophe-Boillon-300x200.jpg 768w, \r\n                        https:\/\/www.afozic.com\/wp-content\/uploads\/2023\/12\/2-Les-Exquis-\u00a9Afozic-Christophe-Boillon-1024x682.jpg 1024w\" \r\n                        sizes=\"(max-width: 2507px) 100vw, 2507px\" class=\"afozicSlider\" alt=\"AFOZIC.COM\">\r\n \r\n                                                    <div class=\"afozic_slidecontent_top\">\r\n                                Les Exquis                            <\/div>\r\n                                                                            <div class=\"afozic_slidecontent_bottom\">\r\n                                Batook tricolore                            <\/div>\r\n                                            <\/section>\r\n\r\n                                        <\/a>\r\n                \r\n            \r\n                                    <a href=\"\/realisations\/20ans-jo-albertville-2\/\" title=\"See page\">\r\n                    \r\n                    <section class=\"headingAfozic slide p-0\">\r\n\r\n                        <img srcset=\"https:\/\/www.afozic.com\/wp-content\/uploads\/2023\/12\/20-ANS-080-Photo-G-Piel-scaled.jpg 2507w, \r\n                        https:\/\/www.afozic.com\/wp-content\/uploads\/2023\/12\/20-ANS-080-Photo-G-Piel-300x200.jpg 300w, \r\n                        https:\/\/www.afozic.com\/wp-content\/uploads\/2023\/12\/20-ANS-080-Photo-G-Piel-300x200.jpg 768w, \r\n                        https:\/\/www.afozic.com\/wp-content\/uploads\/2023\/12\/20-ANS-080-Photo-G-Piel-1024x683.jpg 1024w\" \r\n                        sizes=\"(max-width: 2507px) 100vw, 2507px\" class=\"afozicSlider\" alt=\"AFOZIC.COM\">\r\n \r\n                                                    <div class=\"afozic_slidecontent_top\">\r\n                                20 ans des JO d&#8217;Albertville                            <\/div>\r\n                                                                            <div class=\"afozic_slidecontent_bottom\">\r\n                                8 f\u00e9vrier 2012                            <\/div>\r\n                                            <\/section>\r\n\r\n                                        <\/a>\r\n                \r\n            \r\n                                    <a href=\"\/realisations\/1600-moutain-festival-2022\/\" title=\"See page\">\r\n                    \r\n                    <section class=\"headingAfozic slide p-0\">\r\n\r\n                        <img srcset=\"https:\/\/www.afozic.com\/wp-content\/uploads\/2023\/12\/278268248_114862217857203_2042810143005910027_n.webp 2507w, \r\n                        https:\/\/www.afozic.com\/wp-content\/uploads\/2023\/12\/278268248_114862217857203_2042810143005910027_n-300x200.jpg 300w, \r\n                        https:\/\/www.afozic.com\/wp-content\/uploads\/2023\/12\/278268248_114862217857203_2042810143005910027_n-300x200.jpg 768w, \r\n                        https:\/\/www.afozic.com\/wp-content\/uploads\/2023\/12\/278268248_114862217857203_2042810143005910027_n-1024x683.jpg 1024w\" \r\n                        sizes=\"(max-width: 2507px) 100vw, 2507px\" class=\"afozicSlider\" alt=\"AFOZIC.COM\">\r\n \r\n                                                    <div class=\"afozic_slidecontent_top\">\r\n                                1600 mountain Festival                            <\/div>\r\n                                                                            <div class=\"afozic_slidecontent_bottom\">\r\n                                26 mars 2022                            <\/div>\r\n                                            <\/section>\r\n\r\n                                        <\/a>\r\n                \r\n            \r\n                                    <a href=\"\/realisations\/opening-meribel-in-lights-2022\/\" title=\"See page\">\r\n                    \r\n                    <section class=\"headingAfozic slide p-0\">\r\n\r\n                        <img srcset=\"https:\/\/www.afozic.com\/wp-content\/uploads\/2023\/11\/\u00a9Sylvain-Aymoz101222742-scaled.jpg 2507w, \r\n                        https:\/\/www.afozic.com\/wp-content\/uploads\/2023\/11\/\u00a9Sylvain-Aymoz101222742-300x112.jpg 300w, \r\n                        https:\/\/www.afozic.com\/wp-content\/uploads\/2023\/11\/\u00a9Sylvain-Aymoz101222742-300x112.jpg 768w, \r\n                        https:\/\/www.afozic.com\/wp-content\/uploads\/2023\/11\/\u00a9Sylvain-Aymoz101222742-1024x381.jpg 1024w\" \r\n                        sizes=\"(max-width: 2507px) 100vw, 2507px\" class=\"afozicSlider\" alt=\"AFOZIC.COM\">\r\n \r\n                                                    <div class=\"afozic_slidecontent_top\">\r\n                                Opening M\u00e9ribel in light                            <\/div>\r\n                                                                            <div class=\"afozic_slidecontent_bottom\">\r\n                                10 d\u00e9cembre 2022                            <\/div>\r\n                                            <\/section>\r\n\r\n                                        <\/a>\r\n                \r\n            \r\n                                    <a href=\"\/artistes\/the-dobeat-show\/\" title=\"See page\">\r\n                    \r\n                    <section class=\"headingAfozic slide p-0\">\r\n\r\n                        <img srcset=\"https:\/\/www.afozic.com\/wp-content\/uploads\/2023\/11\/\u00a9Johan-chemin-photography8.webp 2507w, \r\n                        https:\/\/www.afozic.com\/wp-content\/uploads\/2023\/11\/\u00a9Johan-chemin-photography8-300x200.jpg 300w, \r\n                        https:\/\/www.afozic.com\/wp-content\/uploads\/2023\/11\/\u00a9Johan-chemin-photography8-300x200.jpg 768w, \r\n                        https:\/\/www.afozic.com\/wp-content\/uploads\/2023\/11\/\u00a9Johan-chemin-photography8-1024x681.jpg 1024w\" \r\n                        sizes=\"(max-width: 2507px) 100vw, 2507px\" class=\"afozicSlider\" alt=\"AFOZIC.COM\">\r\n \r\n                                                    <div class=\"afozic_slidecontent_top\">\r\n                                The Dobeat Show                            <\/div>\r\n                                                                            <div class=\"afozic_slidecontent_bottom\">\r\n                                Pop rock roul\u00e9 sous les aisselles                            <\/div>\r\n                                            <\/section>\r\n\r\n                                        <\/a>\r\n                \r\n            \r\n                                    <a href=\"\/artistes\/moz-drums\/\" title=\"See page\">\r\n                    \r\n                    <section class=\"headingAfozic slide p-0\">\r\n\r\n                        <img srcset=\"https:\/\/www.afozic.com\/wp-content\/uploads\/2023\/12\/MozDrum-\u00a9ChristopheBoillon-04-scaled.jpg 2507w, \r\n                        https:\/\/www.afozic.com\/wp-content\/uploads\/2023\/12\/MozDrum-\u00a9ChristopheBoillon-04-300x180.jpg 300w, \r\n                        https:\/\/www.afozic.com\/wp-content\/uploads\/2023\/12\/MozDrum-\u00a9ChristopheBoillon-04-300x180.jpg 768w, \r\n                        https:\/\/www.afozic.com\/wp-content\/uploads\/2023\/12\/MozDrum-\u00a9ChristopheBoillon-04-1024x613.jpg 1024w\" \r\n                        sizes=\"(max-width: 2507px) 100vw, 2507px\" class=\"afozicSlider\" alt=\"AFOZIC.COM\">\r\n \r\n                                                    <div class=\"afozic_slidecontent_top\">\r\n                                Moz Drums                            <\/div>\r\n                                                                            <div class=\"afozic_slidecontent_bottom\">\r\n                                The lighting drummers                            <\/div>\r\n                                            <\/section>\r\n\r\n                                        <\/a>\r\n                \r\n            \r\n                                    <a href=\"\/realisations\/alpi-hours-festival-2023\/\" title=\"See page\">\r\n                    \r\n                    <section class=\"headingAfozic slide p-0\">\r\n\r\n                        <img srcset=\"https:\/\/www.afozic.com\/wp-content\/uploads\/2023\/12\/Alpi-Hours-Aout2023-\u00a9ManonGrivel-Afozic-251.webp 2507w, \r\n                        https:\/\/www.afozic.com\/wp-content\/uploads\/2023\/12\/Alpi-Hours-Aout2023-\u00a9ManonGrivel-Afozic-251-300x200.jpg 300w, \r\n                        https:\/\/www.afozic.com\/wp-content\/uploads\/2023\/12\/Alpi-Hours-Aout2023-\u00a9ManonGrivel-Afozic-251-300x200.jpg 768w, \r\n                        https:\/\/www.afozic.com\/wp-content\/uploads\/2023\/12\/Alpi-Hours-Aout2023-\u00a9ManonGrivel-Afozic-251-1024x683.jpg 1024w\" \r\n                        sizes=\"(max-width: 2507px) 100vw, 2507px\" class=\"afozicSlider\" alt=\"AFOZIC.COM\">\r\n \r\n                                                    <div class=\"afozic_slidecontent_top\">\r\n                                Alpi Hours Festival                            <\/div>\r\n                                                                            <div class=\"afozic_slidecontent_bottom\">\r\n                                Juillet\/ao\u00fbt 2023                            <\/div>\r\n                                            <\/section>\r\n\r\n                                        <\/a>\r\n                \r\n            \r\n                                    <a href=\"\/realisations\/pere-noel-habite-aux-gets-2021\/\" title=\"See page\">\r\n                    \r\n                    <section class=\"headingAfozic slide p-0\">\r\n\r\n                        <img srcset=\"https:\/\/www.afozic.com\/wp-content\/uploads\/2023\/12\/Photo-20-12-2021-16-54-52-scaled.jpg 2507w, \r\n                        https:\/\/www.afozic.com\/wp-content\/uploads\/2023\/12\/Photo-20-12-2021-16-54-52-300x225.jpg 300w, \r\n                        https:\/\/www.afozic.com\/wp-content\/uploads\/2023\/12\/Photo-20-12-2021-16-54-52-300x225.jpg 768w, \r\n                        https:\/\/www.afozic.com\/wp-content\/uploads\/2023\/12\/Photo-20-12-2021-16-54-52-1024x768.jpg 1024w\" \r\n                        sizes=\"(max-width: 2507px) 100vw, 2507px\" class=\"afozicSlider\" alt=\"AFOZIC.COM\">\r\n \r\n                                                    <div class=\"afozic_slidecontent_top\">\r\n                                Le P\u00e8re No\u00ebl habite aux Gets                            <\/div>\r\n                                                                            <div class=\"afozic_slidecontent_bottom\">\r\n                                D\u00e9cembre 2021                            <\/div>\r\n                                            <\/section>\r\n\r\n                                        <\/a>\r\n                \r\n            \r\n                                    <a href=\"\/realisations\/arty-colors-festival\/\" title=\"See page\">\r\n                    \r\n                    <section class=\"headingAfozic slide p-0\">\r\n\r\n                        <img srcset=\"https:\/\/www.afozic.com\/wp-content\/uploads\/2023\/12\/Amadou-et-Mariam-Arty-Colors-festival-2023-\u00a9ManonGrivel-Arty-Colors-21.webp 2507w, \r\n                        https:\/\/www.afozic.com\/wp-content\/uploads\/2023\/12\/Amadou-et-Mariam-Arty-Colors-festival-2023-\u00a9ManonGrivel-Arty-Colors-21-300x200.jpg 300w, \r\n                        https:\/\/www.afozic.com\/wp-content\/uploads\/2023\/12\/Amadou-et-Mariam-Arty-Colors-festival-2023-\u00a9ManonGrivel-Arty-Colors-21-300x200.jpg 768w, \r\n                        https:\/\/www.afozic.com\/wp-content\/uploads\/2023\/12\/Amadou-et-Mariam-Arty-Colors-festival-2023-\u00a9ManonGrivel-Arty-Colors-21-1024x683.jpg 1024w\" \r\n                        sizes=\"(max-width: 2507px) 100vw, 2507px\" class=\"afozicSlider\" alt=\"AFOZIC.COM\">\r\n \r\n                                                    <div class=\"afozic_slidecontent_top\">\r\n                                Arty Colors Festival                            <\/div>\r\n                                                                            <div class=\"afozic_slidecontent_bottom\">\r\n                                17 ao\u00fbt 2023                            <\/div>\r\n                                            <\/section>\r\n\r\n                                        <\/a>\r\n                \r\n            \r\n                                    <a href=\"\/artistes\/emelia-rose\/\" title=\"See page\">\r\n                    \r\n                    <section class=\"headingAfozic slide p-0\">\r\n\r\n                        <img srcset=\"https:\/\/www.afozic.com\/wp-content\/uploads\/2023\/12\/DSC_4429-scaled.jpg 2507w, \r\n                        https:\/\/www.afozic.com\/wp-content\/uploads\/2023\/12\/DSC_4429-300x200.jpg 300w, \r\n                        https:\/\/www.afozic.com\/wp-content\/uploads\/2023\/12\/DSC_4429-300x200.jpg 768w, \r\n                        https:\/\/www.afozic.com\/wp-content\/uploads\/2023\/12\/DSC_4429-1024x682.jpg 1024w\" \r\n                        sizes=\"(max-width: 2507px) 100vw, 2507px\" class=\"afozicSlider\" alt=\"AFOZIC.COM\">\r\n \r\n                                                    <div class=\"afozic_slidecontent_top\">\r\n                                Emelia Rose                            <\/div>\r\n                                                                            <div class=\"afozic_slidecontent_bottom\">\r\n                                Duo new vintage                            <\/div>\r\n                                            <\/section>\r\n\r\n                                        <\/a>\r\n                \r\n            \r\n                                    <a href=\"\/realisations\/festival-jazz-variations-2023\/\" title=\"See page\">\r\n                    \r\n                    <section class=\"headingAfozic slide p-0\">\r\n\r\n                        <img srcset=\"https:\/\/www.afozic.com\/wp-content\/uploads\/2023\/12\/\u00a9Sylvain-Aymoz23022309-scaled.jpg 2507w, \r\n                        https:\/\/www.afozic.com\/wp-content\/uploads\/2023\/12\/\u00a9Sylvain-Aymoz23022309-300x200.jpg 300w, \r\n                        https:\/\/www.afozic.com\/wp-content\/uploads\/2023\/12\/\u00a9Sylvain-Aymoz23022309-300x200.jpg 768w, \r\n                        https:\/\/www.afozic.com\/wp-content\/uploads\/2023\/12\/\u00a9Sylvain-Aymoz23022309-1024x683.jpg 1024w\" \r\n                        sizes=\"(max-width: 2507px) 100vw, 2507px\" class=\"afozicSlider\" alt=\"AFOZIC.COM\">\r\n \r\n                                                    <div class=\"afozic_slidecontent_top\">\r\n                                Festival Jazz Variations                            <\/div>\r\n                                                                            <div class=\"afozic_slidecontent_bottom\">\r\n                                F\u00e9vrier\/mars 2023                            <\/div>\r\n                                            <\/section>\r\n\r\n                                        <\/a>\r\n                \r\n            \r\n            <div class=\"nextButton\">\r\n                <svg xmlns=\"http:\/\/www.w3.org\/2000\/svg\" class=\"icon icon-tabler icon-tabler-chevron-right\" width=\"24\" height=\"24\" viewBox=\"0 0 24 24\" stroke-width=\"2\" stroke=\"currentColor\" fill=\"none\" stroke-linecap=\"round\" stroke-linejoin=\"round\">\r\n                    <path stroke=\"none\" d=\"M0 0h24v24H0z\" fill=\"none\"><\/path>\r\n                    <path d=\"M9 6l6 6l-6 6\"><\/path>\r\n                <\/svg>\r\n            <\/div>\r\n            <div class=\"prevButton\">\r\n                <svg xmlns=\"http:\/\/www.w3.org\/2000\/svg\" class=\"icon icon-tabler icon-tabler-chevron-left\" width=\"24\" height=\"24\" viewBox=\"0 0 24 24\" stroke-width=\"2\" stroke=\"currentColor\" fill=\"none\" stroke-linecap=\"round\" stroke-linejoin=\"round\">\r\n                    <path stroke=\"none\" d=\"M0 0h24v24H0z\" fill=\"none\"><\/path>\r\n                    <path d=\"M15 6l-6 6l6 6\"><\/path>\r\n                <\/svg>\r\n            <\/div>\r\n            <div class=\"dotContainer\"><\/div>\r\n        <\/div>\r\n\r\n\r\n    <\/div>\r\n\r\n<style>\r\n    .afozicSlider{\r\n        object-fit: cover;\r\n        height: 100%;\r\n        width: 100%;\r\n    }\r\n<\/style>\r\n\r\n<script data-no-optimize=\"1\">\r\n    class Slider {\r\n        slider;\r\n        slides;\r\n        dotContainer;\r\n\r\n        intervalId;\r\n        currentSlide = 0;\r\n        timerSlider = 6500;\r\n\r\n        startX = 0;\r\n        isDragging = false;\r\n        draggedDistance = 0;\r\n\r\n        nextButton;\r\n        prevButton;\r\n\r\n        constructor(slider) {\r\n            this.slider = slider;\r\n            this.slides = this.slider.getElementsByClassName('slide');\r\n\r\n            if (this.slides.length > 0) {\r\n                this.nextButton = this.slider.getElementsByClassName('nextButton')[0];\r\n                this.prevButton = this.slider.getElementsByClassName('prevButton')[0];\r\n\r\n\r\n                this.initDotSlider();\r\n                this.initEvents();\r\n\r\n                this.showSlide(this.currentSlide);\r\n                this.startSlider();\r\n            }\r\n        }\r\n\r\n        showSlide(index) {\r\n            this.stopSlider();\r\n\r\n            if (index >= this.slides.length) {\r\n                index = 0;\r\n            }\r\n\r\n            if (index < 0) {\r\n                index = this.slides.length - 1;\r\n            }\r\n\r\n            this.slides[this.currentSlide].style.display = 'none';\r\n            this.currentSlide = index;\r\n            this.slides[this.currentSlide].style.display = 'block';\r\n\r\n            const dots = this.dotContainer.getElementsByClassName('dot');\r\n            for (const dot of dots) {\r\n                dot.classList.remove('active');\r\n            }\r\n            dots[this.currentSlide].classList.add('active');\r\n\r\n            this.startSlider();\r\n        }\r\n\r\n        nextSlide() {\r\n            this.showSlide(this.currentSlide + 1);\r\n        }\r\n\r\n        prevSlide() {\r\n            this.showSlide(this.currentSlide - 1);\r\n        }\r\n\r\n        initDotSlider() {\r\n            this.dotContainer = this.slider.getElementsByClassName('dotContainer')[0];\r\n            this.dotContainer.innerHTML = '';\r\n\r\n            for (let i = 0; i < this.slides.length; i++) {\r\n                const dot = document.createElement('span');\r\n                dot.classList.add('dot');\r\n                dot.addEventListener('click', () => {\r\n                    this.showSlide(i);\r\n                    this.resetSlider();\r\n                });\r\n                this.dotContainer.appendChild(dot);\r\n            }\r\n\r\n            const dots = this.dotContainer.getElementsByClassName('dot');\r\n            dots[this.currentSlide].classList.add('active');\r\n        }\r\n\r\n        startSlider() {\r\n            clearInterval(this.intervalId);\r\n            this.intervalId = setInterval(() => this.nextSlide(), this.timerSlider);\r\n        }\r\n\r\n        stopSlider() {\r\n            clearInterval(this.intervalId);\r\n        }\r\n\r\n        resetSlider() {\r\n            this.stopSlider();\r\n            this.startSlider();\r\n        }\r\n\r\n        initEvents() {\r\n            this.nextButton.addEventListener('click', () => {\r\n                this.nextSlide();\r\n            });\r\n\r\n            this.prevButton.addEventListener('click', () => {\r\n                this.prevSlide();\r\n            });\r\n\r\n            this.slider.addEventListener('mouseenter', () => {\r\n                this.stopSlider();\r\n            });\r\n\r\n            this.slider.addEventListener('mouseleave', () => {\r\n                this.startSlider();\r\n            });\r\n\r\n            this.slider.addEventListener('touchstart', () => {\r\n                this.nextSlide();\r\n            });\r\n\r\n            this.slider.addEventListener('mousedown', (event) => {\r\n                this.startX = event.clientX;\r\n                this.isDragging = true;\r\n            });\r\n            this.slider.addEventListener('mouseup', () => {\r\n                if (this.isDragging) {\r\n                    this.isDragging = false;\r\n                    const distance = event.clientX - this.startX;\r\n                    if (distance > 0) {\r\n                        this.prevSlide();\r\n                    } else if (distance < 0) {\r\n                        this.nextSlide();\r\n                    }\r\n                }\r\n            });\r\n            this.slider.addEventListener('mouseleave', () => {\r\n                if (this.isDragging) {\r\n                    this.isDragging = false;\r\n                    const distance = event.clientX - this.startX;\r\n                    if (distance > 0) {\r\n                        this.prevSlide();\r\n                    } else if (distance < 0) {\r\n                        this.nextSlide();\r\n                    }\r\n                }\r\n            });\r\n\r\n        }\r\n    }\r\n\r\n    const sliders = document.getElementsByClassName('slider_container');\r\n\r\n    for (const slider of sliders) {\r\n        new Slider(slider);\r\n    }\r\n<\/script>\n\n\n<h1 class=\"wp-block-heading has-text-align-center my-4 has-text-color\" style=\"color:#2b0101\"><strong>At your side for over 30 years!<\/strong><\/h1>\n\n\n\n<p><\/p>\n\n\n\r\n<div class=\"gallery_wrapper\">\r\n\r\n  \r\n    \r\n    <div class=\"lazy blur-up box box-1\" data-bg=\"https:\/\/www.afozic.com\/wp-content\/uploads\/2023\/11\/TRINIX-Arty-Colors-festival-2023-\u00a9ManonGrivel-Arty-Colors-02.webp\">\r\n\r\n              <a href=\"\/artistes-et-spectacles\/?filtres=&#038;artistes=dj\" title=\"See page\">\r\n          <div class=\"bg-hover\">\r\n            <span>DJ<\/span>\r\n          <\/div>\r\n        <\/a>\r\n      \r\n    <\/div>\r\n  \r\n    \r\n    <div class=\"lazy blur-up box box-2\" data-bg=\"https:\/\/www.afozic.com\/wp-content\/uploads\/2023\/11\/crystal-light-show-anta-agni-5.webp\">\r\n\r\n              <a href=\"https:\/\/www.afozic.com\/artistes-et-spectacles\/?filtres=&#038;styles=la-nuit\" title=\"See page\">\r\n          <div class=\"bg-hover\">\r\n            <span>Performances<\/span>\r\n          <\/div>\r\n        <\/a>\r\n      \r\n    <\/div>\r\n  \r\n    \r\n    <div class=\"lazy blur-up box box-3\" data-bg=\"https:\/\/www.afozic.com\/wp-content\/uploads\/2024\/02\/garden-people-duo.webp\">\r\n\r\n              <a href=\"\/artistes-et-spectacles\/?filtres=&#038;artistes=pop-rock-folk\" title=\"See page\">\r\n          <div class=\"bg-hover\">\r\n            <span>Pop rock & Folk<\/span>\r\n          <\/div>\r\n        <\/a>\r\n      \r\n    <\/div>\r\n  \r\n    \r\n    <div class=\"lazy blur-up box box-4\" data-bg=\"https:\/\/www.afozic.com\/wp-content\/uploads\/2023\/11\/\u00a9Sylvain-Aymoz101222742-scaled.jpg\">\r\n\r\n              <a href=\"\/nos-realisations\/\" title=\"See page\">\r\n          <div class=\"bg-hover\">\r\n            <span>Nos r\u00e9alisations<\/span>\r\n          <\/div>\r\n        <\/a>\r\n      \r\n    <\/div>\r\n  \r\n    \r\n    <div class=\"lazy blur-up box box-5\" data-bg=\"https:\/\/www.afozic.com\/wp-content\/uploads\/2024\/04\/2022-10_shooting_lutin65-1024x656-1.webp\">\r\n\r\n              <a href=\"\/artistes-et-spectacles\/?filtres=&#038;events=jonglerie-au-fil-du-trottoir\" title=\"See page\">\r\n          <div class=\"bg-hover\">\r\n            <span>Juggling along the pavement<\/span>\r\n          <\/div>\r\n        <\/a>\r\n      \r\n    <\/div>\r\n  \r\n    \r\n    <div class=\"lazy blur-up box box-6\" data-bg=\"https:\/\/www.afozic.com\/wp-content\/uploads\/2024\/02\/gondoles-celeste-or.webp\">\r\n\r\n              <a href=\"\/artistes-et-spectacles\/?filtres=&#038;events=parades\" title=\"See page\">\r\n          <div class=\"bg-hover\">\r\n            <span>Parades<\/span>\r\n          <\/div>\r\n        <\/a>\r\n      \r\n    <\/div>\r\n  \r\n    \r\n    <div class=\"lazy blur-up box box-7\" data-bg=\"https:\/\/www.afozic.com\/wp-content\/uploads\/2023\/11\/Capture-decran-2020-09-09-a-16.54.16.webp\">\r\n\r\n              <a href=\"artistes-et-spectacles\/?filtres=&#038;events=la-nuit\" title=\"See page\">\r\n          <div class=\"bg-hover\">\r\n            <span>By night<\/span>\r\n          <\/div>\r\n        <\/a>\r\n      \r\n    <\/div>\r\n  \r\n    \r\n    <div class=\"lazy blur-up box box-8\" data-bg=\"https:\/\/www.afozic.com\/wp-content\/uploads\/2024\/02\/lutins-atelier-jouets-et-pere-noel.webp\">\r\n\r\n              <a href=\"\/artistes-et-spectacles\/?filtres=&#038;events=noel\" title=\"See page\">\r\n          <div class=\"bg-hover\">\r\n            <span>Christmas<\/span>\r\n          <\/div>\r\n        <\/a>\r\n      \r\n    <\/div>\r\n  \r\n    \r\n    <div class=\"lazy blur-up box box-9\" data-bg=\"https:\/\/www.afozic.com\/wp-content\/uploads\/2023\/11\/Leselegants\u00a9ChristopheBoillon-Afozic39-scaled-e1699973798239.jpg\">\r\n\r\n              <a href=\"\/artistes-et-spectacles\/?filtres=&#038;events=percussions-et-batucadas\" title=\"See page\">\r\n          <div class=\"bg-hover\">\r\n            <span>Percussion and batucada<\/span>\r\n          <\/div>\r\n        <\/a>\r\n      \r\n    <\/div>\r\n  \r\n    \r\n    <div class=\"lazy blur-up box box-10\" data-bg=\"https:\/\/www.afozic.com\/wp-content\/uploads\/2023\/11\/AY5I7209-scaled.jpg\">\r\n\r\n              <a href=\"\/artistes-et-spectacles\/?filtres=&#038;styles=show\" title=\"See page\">\r\n          <div class=\"bg-hover\">\r\n            <span>Show<\/span>\r\n          <\/div>\r\n        <\/a>\r\n      \r\n    <\/div>\r\n  \r\n    \r\n    <div class=\"lazy blur-up box box-11\" data-bg=\"https:\/\/www.afozic.com\/wp-content\/uploads\/2023\/11\/AlpiHours-juillet23\u00a9ManonGrivel-Afozic-357.webp\">\r\n\r\n              <a href=\"\/artistes-et-spectacles\/?filtres=&#038;events=au-coin-d-une-place\" title=\"See page\">\r\n          <div class=\"bg-hover\">\r\n            <span>On the corner of a square<\/span>\r\n          <\/div>\r\n        <\/a>\r\n      \r\n    <\/div>\r\n  \r\n    \r\n    <div class=\"lazy blur-up box box-12\" data-bg=\"https:\/\/www.afozic.com\/wp-content\/uploads\/2023\/11\/DODOS-JUILLET-2023-\u00a9ManonGrivel-Afozic.webp\">\r\n\r\n              <a href=\"\/artistes-et-spectacles\/?filtres=&#038;events=saynetes-en-mouvement\" title=\"See page\">\r\n          <div class=\"bg-hover\">\r\n            <span>Moving sketch<\/span>\r\n          <\/div>\r\n        <\/a>\r\n      \r\n    <\/div>\r\n  \r\n    \r\n    <div class=\"lazy blur-up box box-13\" data-bg=\"https:\/\/www.afozic.com\/wp-content\/uploads\/2024\/04\/redpopchilibossa_live_14.webp\">\r\n\r\n              <a href=\"\/artistes-et-spectacles\/?filtres=&#038;artistes=varietes-internationales\" title=\"See page\">\r\n          <div class=\"bg-hover\">\r\n            <span>International variety<\/span>\r\n          <\/div>\r\n        <\/a>\r\n      \r\n    <\/div>\r\n  \r\n<\/div>","protected":false},"excerpt":{"rendered":"<p>At your side for over 30 years!<\/p>\n","protected":false},"author":1,"featured_media":6956,"parent":0,"menu_order":0,"comment_status":"closed","ping_status":"closed","template":"templates-parts\/tmp-homepage.php","meta":{"_acf_changed":false,"footnotes":""},"class_list":["post-9098","page","type-page","status-publish","has-post-thumbnail","hentry"],"acf":[],"aioseo_notices":[],"_links":{"self":[{"href":"https:\/\/www.afozic.com\/en\/wp-json\/wp\/v2\/pages\/9098","targetHints":{"allow":["GET"]}}],"collection":[{"href":"https:\/\/www.afozic.com\/en\/wp-json\/wp\/v2\/pages"}],"about":[{"href":"https:\/\/www.afozic.com\/en\/wp-json\/wp\/v2\/types\/page"}],"author":[{"embeddable":true,"href":"https:\/\/www.afozic.com\/en\/wp-json\/wp\/v2\/users\/1"}],"replies":[{"embeddable":true,"href":"https:\/\/www.afozic.com\/en\/wp-json\/wp\/v2\/comments?post=9098"}],"version-history":[{"count":10,"href":"https:\/\/www.afozic.com\/en\/wp-json\/wp\/v2\/pages\/9098\/revisions"}],"predecessor-version":[{"id":10520,"href":"https:\/\/www.afozic.com\/en\/wp-json\/wp\/v2\/pages\/9098\/revisions\/10520"}],"wp:featuredmedia":[{"embeddable":true,"href":"https:\/\/www.afozic.com\/en\/wp-json\/wp\/v2\/media\/6956"}],"wp:attachment":[{"href":"https:\/\/www.afozic.com\/en\/wp-json\/wp\/v2\/media?parent=9098"}],"curies":[{"name":"wp","href":"https:\/\/api.w.org\/{rel}","templated":true}]}}