{"id":10273,"date":"2023-09-04T12:19:56","date_gmt":"2023-09-04T10:19:56","guid":{"rendered":"https:\/\/www.afozic.com\/nos-competences\/"},"modified":"2024-04-22T09:47:11","modified_gmt":"2024-04-22T07:47:11","slug":"nos-competences","status":"publish","type":"page","link":"https:\/\/www.afozic.com\/en\/nos-competences\/","title":{"rendered":"Our skills"},"content":{"rendered":"<div class=\"banner\">\r\n    <div class=\"title-container\">\r\n        <div class=\"lazy blur-up bg\" data-bg=\"https:\/\/www.afozic.com\/wp-content\/uploads\/2024\/04\/pianosylvainaymoz15022414-e1712911812132.webp\" style=\"background-position: center 33.3%\"><\/div>\r\n        <div class=\"title-box\">\r\n            <h1>Our skills<\/h1>\r\n        <\/div>\r\n            <\/div>\r\n<\/div>\n\n\n<div class=\"wp-block-columns is-layout-flex wp-container-core-columns-is-layout-9d6595d7 wp-block-columns-is-layout-flex\">\n<div class=\"wp-block-column is-layout-flow wp-block-column-is-layout-flow\" style=\"flex-basis:100%\"><\/div>\n<\/div>\n\n\n<section class=\"legal\">\r\n    <h4 style=\"text-align: center;\"><strong>AFOZIC has always sought to transcend borders.<\/strong><br \/>\nToday, the company boasts cross-disciplinary know-how in the world of entertainment and music, as well as artistic and technical expertise capable of meeting the needs of any type of event or organisation.<\/h4>\n<\/section>\n\n\r\n    \r\n<div class=\"container my-5\">\r\n    <div class=\"row\">\r\n        <div class=\"col-lg-8 offset-lg-2 text-center\">\r\n            <div class=\"AfozicTitleCat\"><\/div>\r\n            <div class=\"AfozicCat\">\r\n                                                    <a href=\"#production-en\">Production<\/a>\r\n                                            \u2013\r\n                                                        <a href=\"#programming\">Programming<\/a>\r\n                                            \u2013\r\n                                                        <a href=\"#exclusive-creations\">Exclusive creations<\/a>\r\n                                            \u2013\r\n                                                        <a href=\"#diffusion-en\">Diffusion<\/a>\r\n                                            \u2013\r\n                                                        <a href=\"#advice-and-support\">Advice and support<\/a>\r\n                                            \u2013\r\n                                                        <a href=\"#communication-en\">Communication<\/a>\r\n                                                <\/div>\r\n        <\/div>\r\n    <\/div>\r\n<\/div>\r\n\r\n<script>\r\njQuery(document).ready(function($) {\r\n        $('.AfozicCat').on('click', 'a[href^=\"#\"]', function (event) {\r\n            event.preventDefault();\r\n            var offset = 150;\r\n            var target = $(this).attr('href');\r\n            var targetPosition = $(target).offset().top - offset;\r\n            $('html, body').animate({\r\n                scrollTop: targetPosition\r\n            }, {\r\n            duration: 655,\r\n            easing: \"swing\",\r\n            start: function() {\r\n                $('html, body').css('scroll-behavior', 'auto');\r\n            },\r\n            complete: function() {\r\n                $('html, body').css('scroll-behavior', 'smooth');\r\n            }\r\n        });\r\n    });\r\n});\r\n<\/script>\r\n    \r\n\n\n\r\n\r\n\r\n    <section class=\"afozicService\">\r\n        <div class=\"container-fluid\">\r\n            <div class=\"row\">\r\n                <div class=\"col-lg-6 d-flex\">\r\n                    <div class=\"owl-carousel sliderServices my-auto\">\r\n                                                                                <a href=\"https:\/\/www.afozic.com\/en\/realisations\/50years-valmeinier\/\" title=\"50 years of Valmeinier\">\r\n                                <div class=\"afozic_artist lazy d-flex\" data-bg=\"https:\/\/www.afozic.com\/wp-content\/uploads\/2024\/04\/apernet-otvalmeinier-mozdrums-1024x684.webp\">\r\n                                    <div class=\"bg_artist\">\r\n                                        <div class=\"afozic_nameArtist mx-auto\">\r\n                                            50 years of Valmeinier                                        <\/div>\r\n                                    <\/div>\r\n                                <\/div>\r\n                            <\/a>\r\n                                                        <a href=\"https:\/\/www.afozic.com\/en\/realisations\/nuit-du-pompon-rouge-2014\/\" title=\"Nuit du Pompon Rouge, La Plagne 2014\">\r\n                                <div class=\"afozic_artist lazy d-flex\" data-bg=\"https:\/\/www.afozic.com\/wp-content\/uploads\/2023\/12\/P1100188-1024x502.jpg\">\r\n                                    <div class=\"bg_artist\">\r\n                                        <div class=\"afozic_nameArtist mx-auto\">\r\n                                            Nuit du Pompon Rouge, La Plagne 2014                                        <\/div>\r\n                                    <\/div>\r\n                                <\/div>\r\n                            <\/a>\r\n                                                        <a href=\"https:\/\/www.afozic.com\/en\/realisations\/nuit-du-pompon-rouge-2013\/\" title=\"Nuit du Pompon Rouge, La Plagne 2013\">\r\n                                <div class=\"afozic_artist lazy d-flex\" data-bg=\"https:\/\/www.afozic.com\/wp-content\/uploads\/2023\/12\/IMG_0224-1024x683.jpg\">\r\n                                    <div class=\"bg_artist\">\r\n                                        <div class=\"afozic_nameArtist mx-auto\">\r\n                                            Nuit du Pompon Rouge, La Plagne 2013                                        <\/div>\r\n                                    <\/div>\r\n                                <\/div>\r\n                            <\/a>\r\n                                                        <a href=\"https:\/\/www.afozic.com\/en\/realisations\/fia-motorsport-games\/\" title=\"FIA Motorsport Games\">\r\n                                <div class=\"afozic_artist lazy d-flex\" data-bg=\"https:\/\/www.afozic.com\/wp-content\/uploads\/2024\/01\/fia-motorsport-1024x683.webp\">\r\n                                    <div class=\"bg_artist\">\r\n                                        <div class=\"afozic_nameArtist mx-auto\">\r\n                                            FIA Motorsport Games                                        <\/div>\r\n                                    <\/div>\r\n                                <\/div>\r\n                            <\/a>\r\n                                                        <a href=\"https:\/\/www.afozic.com\/en\/realisations\/florence-palais-pitti\/\" title=\"Florence, Pitti Palace stables\">\r\n                                <div class=\"afozic_artist lazy d-flex\" data-bg=\"https:\/\/www.afozic.com\/wp-content\/uploads\/2023\/11\/3-Party-0156-1024x683.jpg\">\r\n                                    <div class=\"bg_artist\">\r\n                                        <div class=\"afozic_nameArtist mx-auto\">\r\n                                            Florence, Pitti Palace stables                                        <\/div>\r\n                                    <\/div>\r\n                                <\/div>\r\n                            <\/a>\r\n                                                        <a href=\"https:\/\/www.afozic.com\/en\/realisations\/100ans-pont-thoirette-coisia\/\" title=\"100 years bridge of Thoirette-Coisia\">\r\n                                <div class=\"afozic_artist lazy d-flex\" data-bg=\"https:\/\/www.afozic.com\/wp-content\/uploads\/2023\/12\/IMG_3689-1024x768.jpeg\">\r\n                                    <div class=\"bg_artist\">\r\n                                        <div class=\"afozic_nameArtist mx-auto\">\r\n                                            100 years bridge of Thoirette-Coisia                                        <\/div>\r\n                                    <\/div>\r\n                                <\/div>\r\n                            <\/a>\r\n                                                                        <\/div>\r\n                <\/div>\r\n                <div class=\"col-lg-5 offset-lg-1 d-flex my-4\">\r\n                    <div class=\"my-auto\">\r\n                        <div class=\"afozicServicesTitle\" id=\"production-en\">\r\n                            Production                        <\/div> \r\n                        <div class=\"afozicServicesText\">\r\n                            <p>Artistic direction, production management, technical direction, coordination, stage management, set design, motion design, rehearsals, topography, team and service provider management, logistics, artist reception, VVIP management, safety standards, etc.<\/p>\n<p>&nbsp;<\/p>\n<p><strong>Productions for the general public \/<\/strong><\/p>\n<p><strong>Opening ceremonies<\/strong> (FIA Motor Sports, FIS World Ski Championships Val d&#8217;Is\u00e8re 2009 and Courchevel &#8211; M\u00e9ribel 2023&#8230;) Commemorative events (80 years of M\u00e9ribel, 50 years of Val Cenis, 90 years of the Rochebrune cable car in Meg\u00e8ve, 100 years of the Pont de Thoirette, 50 years of Valmeinier, 20 years and 30 years of the Albertville Olympic Games, etc.), creation of festivals (Arty Colors Brian\u00e7on, Alpi Hours Saint Gervais Les Bains, Jazz aux Fronti\u00e8res Montgen\u00e8vre, On Ferme la Rue Sallanches, Jazz Variations M\u00e9ribel, Lounge Music Festival Les Gets, etc.), launch of tourist seasons (M\u00e9ribel, Alpi Hours Saint Gervais Les Bains, Alpi Hours Saint Gervais Les Bains, Jazz aux Fronti\u00e8res Montgen\u00e8vre, On Ferme la Rue Sallanches, Jazz Variations M\u00e9ribel, Lounge Music Festival Les Gets, etc.). ), tourist season launches (Les Menuires, M\u00e9ribel, Val d&#8217;Is\u00e8re, Courchevel&#8230;) cultural and institutional events (La F\u00eate \u00e0 Voltaire Ferney-Voltaire, F\u00eate des \u00e9coles Gen\u00e8ve, Notre Dame de La Gorge Contamines Montjoie, BHV Paris&#8230;), end-of-year celebrations (Christmas parades Meg\u00e8ve, Chamonix, Les Arcs, Nancy, les 2 Alpes, Le P\u00e8re No\u00ebl habite aux Gets, Christmas villages&#8230;)<\/p>\n<p>&nbsp;<\/p>\n<p><strong>Private productions \/<\/strong><\/p>\n<p><strong>Commemorations<\/strong> (50 years of JTI Gen\u00e8ve, 50 years of ORECA Paris and Castelet, 150 years of Pilet Renaud Gen\u00e8ve&#8230;), corporate events and gala evenings (Davidson, Bearingpoint, Astorg, Somfy, Roche, Kiekert&#8230; in France, Iceland, Morocco, Germany, Switzerland&#8230; ), private VVIP events (Gstaad, Courchevel, St Tropez, Florence, Geneva, Lisbon, Sardinia&#8230;), product launches (Rolex, Gucci, BMW, Cotty, LVMH&#8230;), end-of-year parties in 5* hotels and Palaces (Courchevel, Val d&#8217;Is\u00e8re, Meg\u00e8ve&#8230;), Christmas trees (H\u00f4pitaux d&#8217;Annecy, Salomon, SNR, Ugitech&#8230;)<\/p>\n                        <\/div>\r\n                    <\/div>\r\n                <\/div>\r\n            <\/div>\r\n        <\/div>\r\n    <\/section>\r\n\r\n\r\n\n\n\r\n\r\n    \r\n    <section class=\"afozicService\">\r\n        <div class=\"container-fluid\">\r\n            <div class=\"row\">\r\n                <div class=\"col-lg-5 d-flex\">\r\n                    <div class=\"my-auto\">\r\n                        <div class=\"afozicServicesTitle\" id=\"programming\">\r\n                            Programming                        <\/div> \r\n                        <div class=\"afozicServicesText\">\r\n                            <p>Extensive <strong>national and international<\/strong> artistic network (street theatre, parades, musical walks, shows and events for children and the general public, concerts, performances), budget optimisation (routing, travel, accommodation, meals, etc.), constant search for artistic innovations, communication media, logistics, administrative management, adaptation to events and venues (e.g. mountain town specifications, trade fairs with exhibitors, etc.), location scouting, briefing, artistic direction and support for performances, personalisation, etc.<\/p>\n<p>&nbsp;<\/p>\n<p><strong>Public sector programmin<\/strong>g \/ municipalities and tourist offices (regular recurring programming, some for over 20 years), sporting events (Mont Blanc Marathon Chamonix, Rugby World Championships Paris, Crit\u00e9rium de la 1\u00e8re neige Val d&#8217;Is\u00e8re, Kandahar Les Houches&#8230;), trade fairs and exhibitions (Savoiexpo Chamb\u00e9ry, Rochexpo la Roche sur Foron, Alpexpo Grenoble, Foire du Dauphin\u00e9 Romans&#8230;)<\/p>\n<p>&nbsp;<\/p>\n<p><strong>Private sector programming<\/strong> \/ Hotels and Palaces (K-Collections Courchevel et Val d&#8217;Is\u00e8re, Barmes de l&#8217;Ours Val d&#8217;Is\u00e8re, Fermes de Marie, Lodge Park groupe Sibuet Meg\u00e8ve, groupe Barri\u00e8re, Annapurna Courchevel&#8230;)<\/p>\n                        <\/div>\r\n                    <\/div>\r\n                <\/div>\r\n                <div class=\"col-lg-6 offset-lg-1 my-4 d-flex\">\r\n                    <div class=\"owl-carousel sliderServices my-auto\">\r\n                                                                                <a href=\"https:\/\/www.afozic.com\/en\/realisations\/100ans-regie-electrique-des-houches\/\" title=\"100 years &#8211; r\u00e9gie \u00e9lectrique des Houches\">\r\n                                <div class=\"afozic_artist lazy d-flex\" data-bg=\"https:\/\/www.afozic.com\/wp-content\/uploads\/2024\/10\/100-ans-regie-electrique-des-houches3.webp\">\r\n                                    <div class=\"bg_artist\">\r\n                                        <div class=\"afozic_nameArtist mx-auto\">\r\n                                            100 years &#8211; r\u00e9gie \u00e9lectrique des Houches                                        <\/div>\r\n                                    <\/div>\r\n                                <\/div>\r\n                            <\/a>\r\n                                                        <a href=\"https:\/\/www.afozic.com\/en\/realisations\/arty-colors-festival\/\" title=\"Arty Colors Festival\">\r\n                                <div class=\"afozic_artist lazy d-flex\" data-bg=\"https:\/\/www.afozic.com\/wp-content\/uploads\/2023\/12\/Amadou-et-Mariam-Arty-Colors-festival-2023-\u00a9ManonGrivel-Arty-Colors-21-1024x683.jpg\">\r\n                                    <div class=\"bg_artist\">\r\n                                        <div class=\"afozic_nameArtist mx-auto\">\r\n                                            Arty Colors Festival                                        <\/div>\r\n                                    <\/div>\r\n                                <\/div>\r\n                            <\/a>\r\n                                                        <a href=\"https:\/\/www.afozic.com\/en\/realisations\/40ans-valmeinier\/\" title=\"40 years of Valmeinier\">\r\n                                <div class=\"afozic_artist lazy d-flex\" data-bg=\"https:\/\/www.afozic.com\/wp-content\/uploads\/2023\/12\/Capture-decran-2014-05-21-a-15.17.05-1024x398.png\">\r\n                                    <div class=\"bg_artist\">\r\n                                        <div class=\"afozic_nameArtist mx-auto\">\r\n                                            40 years of Valmeinier                                        <\/div>\r\n                                    <\/div>\r\n                                <\/div>\r\n                            <\/a>\r\n                                                        <a href=\"https:\/\/www.afozic.com\/en\/realisations\/noel-chamonix-2015\/\" title=\"Christmas 2015 in Chamonix\">\r\n                                <div class=\"afozic_artist lazy d-flex\" data-bg=\"https:\/\/www.afozic.com\/wp-content\/uploads\/2023\/12\/DSC_9866-1024x553.jpg\">\r\n                                    <div class=\"bg_artist\">\r\n                                        <div class=\"afozic_nameArtist mx-auto\">\r\n                                            Christmas 2015 in Chamonix                                        <\/div>\r\n                                    <\/div>\r\n                                <\/div>\r\n                            <\/a>\r\n                                                        <a href=\"https:\/\/www.afozic.com\/en\/realisations\/50ans-oreca\/\" title=\"50 years of ORECA\">\r\n                                <div class=\"afozic_artist lazy d-flex\" data-bg=\"https:\/\/www.afozic.com\/wp-content\/uploads\/2023\/12\/DPPI_07223018_038-1024x683.jpg\">\r\n                                    <div class=\"bg_artist\">\r\n                                        <div class=\"afozic_nameArtist mx-auto\">\r\n                                            50 years of ORECA                                        <\/div>\r\n                                    <\/div>\r\n                                <\/div>\r\n                            <\/a>\r\n                                                        <a href=\"https:\/\/www.afozic.com\/en\/realisations\/championnats-monde-ski-2023\/\" title=\"2023 World Ski Championships\">\r\n                                <div class=\"afozic_artist lazy d-flex\" data-bg=\"https:\/\/www.afozic.com\/wp-content\/uploads\/2023\/12\/\u00a9Sylvain-Aymoz-1024x677.png\">\r\n                                    <div class=\"bg_artist\">\r\n                                        <div class=\"afozic_nameArtist mx-auto\">\r\n                                            2023 World Ski Championships                                        <\/div>\r\n                                    <\/div>\r\n                                <\/div>\r\n                            <\/a>\r\n                                                                        <\/div>\r\n                <\/div>\r\n            <\/div>\r\n        <\/div>\r\n    <\/section>\r\n\r\n\r\n\n\n\r\n\r\n\r\n    <section class=\"afozicService\">\r\n        <div class=\"container-fluid\">\r\n            <div class=\"row\">\r\n                <div class=\"col-lg-6 d-flex\">\r\n                    <div class=\"owl-carousel sliderServices my-auto\">\r\n                                                                                <a href=\"https:\/\/www.afozic.com\/en\/realisations\/championnats-du-monde-ski-2009\/\" title=\"2009 World Ski Championships\">\r\n                                <div class=\"afozic_artist lazy d-flex\" data-bg=\"https:\/\/www.afozic.com\/wp-content\/uploads\/2023\/11\/DSC_0032-1024x681.jpg\">\r\n                                    <div class=\"bg_artist\">\r\n                                        <div class=\"afozic_nameArtist mx-auto\">\r\n                                            2009 World Ski Championships                                        <\/div>\r\n                                    <\/div>\r\n                                <\/div>\r\n                            <\/a>\r\n                                                        <a href=\"https:\/\/www.afozic.com\/en\/realisations\/50years-valmeinier\/\" title=\"50 years of Valmeinier\">\r\n                                <div class=\"afozic_artist lazy d-flex\" data-bg=\"https:\/\/www.afozic.com\/wp-content\/uploads\/2024\/04\/apernet-otvalmeinier-mozdrums-1024x684.webp\">\r\n                                    <div class=\"bg_artist\">\r\n                                        <div class=\"afozic_nameArtist mx-auto\">\r\n                                            50 years of Valmeinier                                        <\/div>\r\n                                    <\/div>\r\n                                <\/div>\r\n                            <\/a>\r\n                                                        <a href=\"https:\/\/www.afozic.com\/en\/realisations\/pere-noel-habite-aux-gets-2022\/\" title=\"Santa Claus live in Les Gets 2022\">\r\n                                <div class=\"afozic_artist lazy d-flex\" data-bg=\"https:\/\/www.afozic.com\/wp-content\/uploads\/2024\/02\/lutin-lumineux-1024x768.webp\">\r\n                                    <div class=\"bg_artist\">\r\n                                        <div class=\"afozic_nameArtist mx-auto\">\r\n                                            Santa Claus live in Les Gets 2022                                        <\/div>\r\n                                    <\/div>\r\n                                <\/div>\r\n                            <\/a>\r\n                                                        <a href=\"https:\/\/www.afozic.com\/en\/realisations\/100ans-regie-electrique-des-houches\/\" title=\"100 years &#8211; r\u00e9gie \u00e9lectrique des Houches\">\r\n                                <div class=\"afozic_artist lazy d-flex\" data-bg=\"https:\/\/www.afozic.com\/wp-content\/uploads\/2024\/10\/100-ans-regie-electrique-des-houches3.webp\">\r\n                                    <div class=\"bg_artist\">\r\n                                        <div class=\"afozic_nameArtist mx-auto\">\r\n                                            100 years &#8211; r\u00e9gie \u00e9lectrique des Houches                                        <\/div>\r\n                                    <\/div>\r\n                                <\/div>\r\n                            <\/a>\r\n                                                        <a href=\"https:\/\/www.afozic.com\/en\/realisations\/naissance\/\" title=\"Naissance\">\r\n                                <div class=\"afozic_artist lazy d-flex\" data-bg=\"https:\/\/www.afozic.com\/wp-content\/uploads\/2024\/01\/naissance-celeste-1024x768.webp\">\r\n                                    <div class=\"bg_artist\">\r\n                                        <div class=\"afozic_nameArtist mx-auto\">\r\n                                            Naissance                                        <\/div>\r\n                                    <\/div>\r\n                                <\/div>\r\n                            <\/a>\r\n                                                        <a href=\"https:\/\/www.afozic.com\/en\/realisations\/harmonie\/\" title=\"Harmonie &#8211; Notre Dame de la Gorge\">\r\n                                <div class=\"afozic_artist lazy d-flex\" data-bg=\"https:\/\/www.afozic.com\/wp-content\/uploads\/2024\/09\/harmonie8-1024x768.webp\">\r\n                                    <div class=\"bg_artist\">\r\n                                        <div class=\"afozic_nameArtist mx-auto\">\r\n                                            Harmonie &#8211; Notre Dame de la Gorge                                        <\/div>\r\n                                    <\/div>\r\n                                <\/div>\r\n                            <\/a>\r\n                                                                        <\/div>\r\n                <\/div>\r\n                <div class=\"col-lg-5 offset-lg-1 d-flex my-4\">\r\n                    <div class=\"my-auto\">\r\n                        <div class=\"afozicServicesTitle\" id=\"exclusive-creations\">\r\n                            Exclusive creations                        <\/div> \r\n                        <div class=\"afozicServicesText\">\r\n                            <p>Writing exclusive shows in close collaboration with the sponsor(s).<\/p>\n<p>Staged shows that may include actors, artistic performances, projections, speakers, MCs, costume designs, scenography, iconography, historical research, etc.<br \/>\nFeasibility study \u2192 Concept creation \u2192 Writing \u2192 Pre-production \u2192 <strong>Production<\/strong> \u2192 Post-production<\/p>\n<p>&nbsp;<\/p>\n<p><strong>Opening ceremonies<\/strong> (FIA Motorsports, FIS World Ski Championships Val d&#8217;Is\u00e8re 2009 and Courchevel &#8211; M\u00e9ribel 2023&#8230;), <strong>public commemorations<\/strong> (90 years of the Rochebrune cable car in Meg\u00e8ve, 80 years of the M\u00e9ribel resort&#8230;) or <strong>private celebrations<\/strong> (150 years of the Pilet Renaud management company in Geneva, 50 years of ORECA&#8230;)<\/p>\n                        <\/div>\r\n                    <\/div>\r\n                <\/div>\r\n            <\/div>\r\n        <\/div>\r\n    <\/section>\r\n\r\n\r\n\n\n\r\n    <div class=\"sections-wrapper\">\r\n\r\n        \r\n            <section class=\"\" id=\"diffusion-en\">\r\n                <div class=\"text\">\r\n                    <h2>Diffusion<\/h2>\r\n                    <div><p><a href=\"https:\/\/www.lexpressiondupave.com\/\" target=\"_blank\" rel=\"noopener\"><b>L\u2019Expression du Pav\u00e9 \u00a0<\/b><\/a>diffusion structure: national and international booking<\/p>\n<p><strong>Festivals<\/strong> (Chalon dans la Rue, Aurillac, Womadelaide Australia, Pal\u00e9o Festival Switzerland, Zwart Cross Festival Holland, Sziget Hungary&#8230;), <strong>national and international programming<\/strong> (France, Taiwan, Hong Kong, China, New Zealand, Spain&#8230;), <strong>public<\/strong> or <strong>private events<\/strong>&#8230;<\/p>\n<\/div>\r\n                <\/div>\r\n                <div class=\"img-wrapper\">\r\n                    <img class=\"lazyload blur-up\" data-sizes=\"auto\" data-src=\"https:\/\/www.afozic.com\/wp-content\/uploads\/2023\/11\/Dodos-\u00a9alex_scharf3.webp\" alt=\"\" \/>\r\n                <\/div>\r\n            <\/section>\r\n\r\n            \r\n            <\/div>\r\n\r\n\n\n\r\n\r\n\r\n    <section class=\"afozicService\">\r\n        <div class=\"container-fluid\">\r\n            <div class=\"row\">\r\n                <div class=\"col-lg-6 d-flex\">\r\n                    <div class=\"owl-carousel sliderServices my-auto\">\r\n                                                                                <a href=\"https:\/\/www.afozic.com\/en\/realisations\/pere-noel-habite-aux-gets-2022\/\" title=\"Santa Claus live in Les Gets 2022\">\r\n                                <div class=\"afozic_artist lazy d-flex\" data-bg=\"https:\/\/www.afozic.com\/wp-content\/uploads\/2024\/02\/lutin-lumineux-1024x768.webp\">\r\n                                    <div class=\"bg_artist\">\r\n                                        <div class=\"afozic_nameArtist mx-auto\">\r\n                                            Santa Claus live in Les Gets 2022                                        <\/div>\r\n                                    <\/div>\r\n                                <\/div>\r\n                            <\/a>\r\n                                                        <a href=\"https:\/\/www.afozic.com\/en\/realisations\/la-fete-a-voltaire-2023\/\" title=\"La F\u00eate \u00e0 Voltaire 2023\">\r\n                                <div class=\"afozic_artist lazy d-flex\" data-bg=\"https:\/\/www.afozic.com\/wp-content\/uploads\/2024\/02\/ambiance2-1024x682.webp\">\r\n                                    <div class=\"bg_artist\">\r\n                                        <div class=\"afozic_nameArtist mx-auto\">\r\n                                            La F\u00eate \u00e0 Voltaire 2023                                        <\/div>\r\n                                    <\/div>\r\n                                <\/div>\r\n                            <\/a>\r\n                                                        <a href=\"https:\/\/www.afozic.com\/en\/realisations\/championnats-monde-ski-2023\/\" title=\"2023 World Ski Championships\">\r\n                                <div class=\"afozic_artist lazy d-flex\" data-bg=\"https:\/\/www.afozic.com\/wp-content\/uploads\/2023\/12\/\u00a9Sylvain-Aymoz-1024x677.png\">\r\n                                    <div class=\"bg_artist\">\r\n                                        <div class=\"afozic_nameArtist mx-auto\">\r\n                                            2023 World Ski Championships                                        <\/div>\r\n                                    <\/div>\r\n                                <\/div>\r\n                            <\/a>\r\n                                                        <a href=\"https:\/\/www.afozic.com\/en\/realisations\/40ans-valmeinier\/\" title=\"40 years of Valmeinier\">\r\n                                <div class=\"afozic_artist lazy d-flex\" data-bg=\"https:\/\/www.afozic.com\/wp-content\/uploads\/2023\/12\/Capture-decran-2014-05-21-a-15.17.05-1024x398.png\">\r\n                                    <div class=\"bg_artist\">\r\n                                        <div class=\"afozic_nameArtist mx-auto\">\r\n                                            40 years of Valmeinier                                        <\/div>\r\n                                    <\/div>\r\n                                <\/div>\r\n                            <\/a>\r\n                                                        <a href=\"https:\/\/www.afozic.com\/en\/realisations\/20ans-jo-albertville-2\/\" title=\"20 years of the Albertville Olympics\">\r\n                                <div class=\"afozic_artist lazy d-flex\" data-bg=\"https:\/\/www.afozic.com\/wp-content\/uploads\/2023\/12\/20-ANS-080-Photo-G-Piel-1024x683.jpg\">\r\n                                    <div class=\"bg_artist\">\r\n                                        <div class=\"afozic_nameArtist mx-auto\">\r\n                                            20 years of the Albertville Olympics                                        <\/div>\r\n                                    <\/div>\r\n                                <\/div>\r\n                            <\/a>\r\n                                                        <a href=\"https:\/\/www.afozic.com\/en\/realisations\/fete-ecoles-geneve-2017\/\" title=\"F\u00eate des \u00e9coles de Gen\u00e8ve 2017\">\r\n                                <div class=\"afozic_artist lazy d-flex\" data-bg=\"https:\/\/www.afozic.com\/wp-content\/uploads\/2023\/12\/\u00a9ArtistForEvent_3-1024x590.jpg\">\r\n                                    <div class=\"bg_artist\">\r\n                                        <div class=\"afozic_nameArtist mx-auto\">\r\n                                            F\u00eate des \u00e9coles de Gen\u00e8ve 2017                                        <\/div>\r\n                                    <\/div>\r\n                                <\/div>\r\n                            <\/a>\r\n                                                                        <\/div>\r\n                <\/div>\r\n                <div class=\"col-lg-5 offset-lg-1 d-flex my-4\">\r\n                    <div class=\"my-auto\">\r\n                        <div class=\"afozicServicesTitle\" id=\"advice-and-support\">\r\n                            Advice and support                        <\/div> \r\n                        <div class=\"afozicServicesText\">\r\n                            <p>Afozic can help and advise you on your events and shows!<\/p>\n<p>Feasibility study, project set-up, budgeting, drawing up specifications, technical and artistic analysis, administrative and legislative support, conceptualisation, opportunities, network of service providers&#8230;<\/p>\n                        <\/div>\r\n                    <\/div>\r\n                <\/div>\r\n            <\/div>\r\n        <\/div>\r\n    <\/section>\r\n\r\n\r\n\n\n\r\n\r\n    \r\n    <section class=\"afozicService\">\r\n        <div class=\"container-fluid\">\r\n            <div class=\"row\">\r\n                <div class=\"col-lg-5 d-flex\">\r\n                    <div class=\"my-auto\">\r\n                        <div class=\"afozicServicesTitle\" id=\"communication-en\">\r\n                            Communication                        <\/div> \r\n                        <div class=\"afozicServicesText\">\r\n                            <p>Support for your programme or event: setting up a communications strategy, graphic design, community management, photo and video shoots, promo packs, press releases, press relations, interviews, etc.<\/p>\n                        <\/div>\r\n                    <\/div>\r\n                <\/div>\r\n                <div class=\"col-lg-6 offset-lg-1 my-4 d-flex\">\r\n                    <div class=\"owl-carousel sliderServices my-auto\">\r\n                                                                                <a href=\"https:\/\/www.afozic.com\/en\/realisations\/championnats-monde-ski-2023\/\" title=\"2023 World Ski Championships\">\r\n                                <div class=\"afozic_artist lazy d-flex\" data-bg=\"https:\/\/www.afozic.com\/wp-content\/uploads\/2023\/12\/\u00a9Sylvain-Aymoz-1024x677.png\">\r\n                                    <div class=\"bg_artist\">\r\n                                        <div class=\"afozic_nameArtist mx-auto\">\r\n                                            2023 World Ski Championships                                        <\/div>\r\n                                    <\/div>\r\n                                <\/div>\r\n                            <\/a>\r\n                                                        <a href=\"https:\/\/www.afozic.com\/en\/realisations\/arty-colors-festival\/\" title=\"Arty Colors Festival\">\r\n                                <div class=\"afozic_artist lazy d-flex\" data-bg=\"https:\/\/www.afozic.com\/wp-content\/uploads\/2023\/12\/Amadou-et-Mariam-Arty-Colors-festival-2023-\u00a9ManonGrivel-Arty-Colors-21-1024x683.jpg\">\r\n                                    <div class=\"bg_artist\">\r\n                                        <div class=\"afozic_nameArtist mx-auto\">\r\n                                            Arty Colors Festival                                        <\/div>\r\n                                    <\/div>\r\n                                <\/div>\r\n                            <\/a>\r\n                                                        <a href=\"https:\/\/www.afozic.com\/en\/realisations\/on-ferme-la-rue-2022\/\" title=\"On ferme la rue 2022\">\r\n                                <div class=\"afozic_artist lazy d-flex\" data-bg=\"https:\/\/www.afozic.com\/wp-content\/uploads\/2023\/12\/DSC_5167-1024x682.jpg\">\r\n                                    <div class=\"bg_artist\">\r\n                                        <div class=\"afozic_nameArtist mx-auto\">\r\n                                            On ferme la rue 2022                                        <\/div>\r\n                                    <\/div>\r\n                                <\/div>\r\n                            <\/a>\r\n                                                        <a href=\"https:\/\/www.afozic.com\/en\/realisations\/on-ferme-la-rue-2023\/\" title=\"On ferme la rue 2023\">\r\n                                <div class=\"afozic_artist lazy d-flex\" data-bg=\"https:\/\/www.afozic.com\/wp-content\/uploads\/2023\/09\/DSC_0095-682x1024.jpg\">\r\n                                    <div class=\"bg_artist\">\r\n                                        <div class=\"afozic_nameArtist mx-auto\">\r\n                                            On ferme la rue 2023                                        <\/div>\r\n                                    <\/div>\r\n                                <\/div>\r\n                            <\/a>\r\n                                                        <a href=\"https:\/\/www.afozic.com\/en\/realisations\/100ans-regie-electrique-des-houches\/\" title=\"100 years &#8211; r\u00e9gie \u00e9lectrique des Houches\">\r\n                                <div class=\"afozic_artist lazy d-flex\" data-bg=\"https:\/\/www.afozic.com\/wp-content\/uploads\/2024\/10\/100-ans-regie-electrique-des-houches3.webp\">\r\n                                    <div class=\"bg_artist\">\r\n                                        <div class=\"afozic_nameArtist mx-auto\">\r\n                                            100 years &#8211; r\u00e9gie \u00e9lectrique des Houches                                        <\/div>\r\n                                    <\/div>\r\n                                <\/div>\r\n                            <\/a>\r\n                                                        <a href=\"https:\/\/www.afozic.com\/en\/realisations\/50ans-oreca\/\" title=\"50 years of ORECA\">\r\n                                <div class=\"afozic_artist lazy d-flex\" data-bg=\"https:\/\/www.afozic.com\/wp-content\/uploads\/2023\/12\/DPPI_07223018_038-1024x683.jpg\">\r\n                                    <div class=\"bg_artist\">\r\n                                        <div class=\"afozic_nameArtist mx-auto\">\r\n                                            50 years of ORECA                                        <\/div>\r\n                                    <\/div>\r\n                                <\/div>\r\n                            <\/a>\r\n                                                                        <\/div>\r\n                <\/div>\r\n            <\/div>\r\n        <\/div>\r\n    <\/section>\r\n\r\n\r\n","protected":false},"excerpt":{"rendered":"","protected":false},"author":1,"featured_media":6251,"parent":0,"menu_order":0,"comment_status":"closed","ping_status":"closed","template":"","meta":{"_acf_changed":false,"footnotes":""},"class_list":["post-10273","page","type-page","status-publish","has-post-thumbnail","hentry"],"acf":[],"aioseo_notices":[],"_links":{"self":[{"href":"https:\/\/www.afozic.com\/en\/wp-json\/wp\/v2\/pages\/10273","targetHints":{"allow":["GET"]}}],"collection":[{"href":"https:\/\/www.afozic.com\/en\/wp-json\/wp\/v2\/pages"}],"about":[{"href":"https:\/\/www.afozic.com\/en\/wp-json\/wp\/v2\/types\/page"}],"author":[{"embeddable":true,"href":"https:\/\/www.afozic.com\/en\/wp-json\/wp\/v2\/users\/1"}],"replies":[{"embeddable":true,"href":"https:\/\/www.afozic.com\/en\/wp-json\/wp\/v2\/comments?post=10273"}],"version-history":[{"count":10,"href":"https:\/\/www.afozic.com\/en\/wp-json\/wp\/v2\/pages\/10273\/revisions"}],"predecessor-version":[{"id":10298,"href":"https:\/\/www.afozic.com\/en\/wp-json\/wp\/v2\/pages\/10273\/revisions\/10298"}],"wp:featuredmedia":[{"embeddable":true,"href":"https:\/\/www.afozic.com\/en\/wp-json\/wp\/v2\/media\/6251"}],"wp:attachment":[{"href":"https:\/\/www.afozic.com\/en\/wp-json\/wp\/v2\/media?parent=10273"}],"curies":[{"name":"wp","href":"https:\/\/api.w.org\/{rel}","templated":true}]}}